{"id":5496,"date":"2023-07-07T16:43:48","date_gmt":"2023-07-07T14:43:48","guid":{"rendered":"https:\/\/isabeyparfums.com\/?page_id=5496"},"modified":"2024-11-18T16:13:00","modified_gmt":"2024-11-18T15:13:00","slug":"our-perfumers","status":"publish","type":"page","link":"https:\/\/isabeyparfums.com\/fr\/our-perfumers\/","title":{"rendered":"Nos Parfumeurs"},"content":{"rendered":"<div data-elementor-type=\"wp-page\" data-elementor-id=\"5496\" class=\"elementor elementor-5496\" data-elementor-post-type=\"page\">\n\t\t\t\t\t\t<section class=\"elementor-section elementor-top-section elementor-element elementor-element-e237aff elementor-section-full_width elementor-section-height-min-height elementor-section-height-default elementor-section-items-middle\" data-id=\"e237aff\" data-element_type=\"section\" data-e-type=\"section\" data-settings=\"{&quot;background_background&quot;:&quot;classic&quot;}\">\n\t\t\t\t\t\t<div class=\"elementor-container elementor-column-gap-default\">\n\t\t\t\t\t<div class=\"elementor-column elementor-col-100 elementor-top-column elementor-element elementor-element-c6fbd1a\" data-id=\"c6fbd1a\" data-element_type=\"column\" data-e-type=\"column\">\n\t\t\t<div class=\"elementor-widget-wrap elementor-element-populated\">\n\t\t\t\t\t\t<div class=\"elementor-element elementor-element-73e796a elementor-widget-tablet__width-initial elementor-widget elementor-widget-heading\" data-id=\"73e796a\" data-element_type=\"widget\" data-e-type=\"widget\" data-widget_type=\"heading.default\">\n\t\t\t\t<div class=\"elementor-widget-container\">\n\t\t\t\t\t<h1 class=\"elementor-heading-title elementor-size-default\">NOS PARFUMEURS<\/h1>\t\t\t\t<\/div>\n\t\t\t\t<\/div>\n\t\t\t\t\t<\/div>\n\t\t<\/div>\n\t\t\t\t\t<\/div>\n\t\t<\/section>\n\t\t\t\t<section class=\"elementor-section elementor-top-section elementor-element elementor-element-99d4e6d elementor-section-height-min-height elementor-section-boxed elementor-section-height-default elementor-section-items-middle\" data-id=\"99d4e6d\" data-element_type=\"section\" data-e-type=\"section\">\n\t\t\t\t\t\t<div class=\"elementor-container elementor-column-gap-default\">\n\t\t\t\t\t<div class=\"elementor-column elementor-col-100 elementor-top-column elementor-element elementor-element-05424ca\" data-id=\"05424ca\" data-element_type=\"column\" data-e-type=\"column\">\n\t\t\t<div class=\"elementor-widget-wrap elementor-element-populated\">\n\t\t\t\t\t\t<div class=\"elementor-element elementor-element-5aeb25f elementor-widget elementor-widget-spacer\" data-id=\"5aeb25f\" data-element_type=\"widget\" data-e-type=\"widget\" data-widget_type=\"spacer.default\">\n\t\t\t\t<div class=\"elementor-widget-container\">\n\t\t\t\t\t\t\t<div class=\"elementor-spacer\">\n\t\t\t<div class=\"elementor-spacer-inner\"><\/div>\n\t\t<\/div>\n\t\t\t\t\t\t<\/div>\n\t\t\t\t<\/div>\n\t\t\t\t\t<\/div>\n\t\t<\/div>\n\t\t\t\t\t<\/div>\n\t\t<\/section>\n\t\t\t\t<section class=\"elementor-section elementor-top-section elementor-element elementor-element-080f6e4 elementor-section-height-min-height elementor-section-boxed elementor-section-height-default elementor-section-items-middle\" data-id=\"080f6e4\" data-element_type=\"section\" data-e-type=\"section\">\n\t\t\t\t\t\t<div class=\"elementor-container elementor-column-gap-default\">\n\t\t\t\t\t<div class=\"elementor-column elementor-col-100 elementor-top-column elementor-element elementor-element-959bff1\" data-id=\"959bff1\" data-element_type=\"column\" data-e-type=\"column\">\n\t\t\t<div class=\"elementor-widget-wrap elementor-element-populated\">\n\t\t\t\t\t\t<div class=\"elementor-element elementor-element-7c958bc elementor-widget elementor-widget-heading\" data-id=\"7c958bc\" data-element_type=\"widget\" data-e-type=\"widget\" data-widget_type=\"heading.default\">\n\t\t\t\t<div class=\"elementor-widget-container\">\n\t\t\t\t\t<h2 class=\"elementor-heading-title elementor-size-default\">Les Ma\u00eetres Olfactifs<\/h2>\t\t\t\t<\/div>\n\t\t\t\t<\/div>\n\t\t\t\t<div class=\"elementor-element elementor-element-13cde3f elementor-widget elementor-widget-text-editor\" data-id=\"13cde3f\" data-element_type=\"widget\" data-e-type=\"widget\" data-widget_type=\"text-editor.default\">\n\t\t\t\t<div class=\"elementor-widget-container\">\n\t\t\t\t\t\t\t\t\t<p>Les cr\u00e9ations contemporaines de la Maison Isabey sont le fruit d\u2019une collaboration entre la directrice artistique Rania Naim et des parfumeurs de renomm\u00e9e mondiale. Son parcours a d\u00e9but\u00e9 avec Jean Jacques de 1999 \u00e0 2019, suivi de Luca Maffei en 2020, Marie Schnirer et plus r\u00e9cemment Patrice Revillard.<\/p><p>Entrez dans l\u2019univers de nos parfumeurs visionnaires, o\u00f9 la passion et la cr\u00e9ativit\u00e9 s\u2019unissent pour cr\u00e9er des exp\u00e9riences olfactives extraordinaires.<\/p>\t\t\t\t\t\t\t\t<\/div>\n\t\t\t\t<\/div>\n\t\t\t\t<div class=\"elementor-element elementor-element-8aefe23 elementor-widget elementor-widget-text-editor\" data-id=\"8aefe23\" data-element_type=\"widget\" data-e-type=\"widget\" data-widget_type=\"text-editor.default\">\n\t\t\t\t<div class=\"elementor-widget-container\">\n\t\t\t\t\t\t\t\t\t<p>\u00ab Un parfum ne doit pas \u00eatre seulement une image ou un concept, mais une \u0153uvre d\u2019art : une cr\u00e9ation d\u2019excellence qui porte sa propre histoire. \u00bb<\/p>\t\t\t\t\t\t\t\t<\/div>\n\t\t\t\t<\/div>\n\t\t\t\t<div class=\"elementor-element elementor-element-3749c7c elementor-widget elementor-widget-spacer\" data-id=\"3749c7c\" data-element_type=\"widget\" data-e-type=\"widget\" data-widget_type=\"spacer.default\">\n\t\t\t\t<div class=\"elementor-widget-container\">\n\t\t\t\t\t\t\t<div class=\"elementor-spacer\">\n\t\t\t<div class=\"elementor-spacer-inner\"><\/div>\n\t\t<\/div>\n\t\t\t\t\t\t<\/div>\n\t\t\t\t<\/div>\n\t\t\t\t\t<\/div>\n\t\t<\/div>\n\t\t\t\t\t<\/div>\n\t\t<\/section>\n\t\t\t\t<section class=\"elementor-section elementor-top-section elementor-element elementor-element-0107a95 elementor-section-boxed elementor-section-height-default elementor-section-height-default\" data-id=\"0107a95\" data-element_type=\"section\" data-e-type=\"section\">\n\t\t\t\t\t\t<div class=\"elementor-container elementor-column-gap-default\">\n\t\t\t\t\t<div class=\"elementor-column elementor-col-100 elementor-top-column elementor-element elementor-element-73639d0\" data-id=\"73639d0\" data-element_type=\"column\" data-e-type=\"column\">\n\t\t\t<div class=\"elementor-widget-wrap elementor-element-populated\">\n\t\t\t\t\t\t<section class=\"elementor-section elementor-inner-section elementor-element elementor-element-3004268 elementor-section-boxed elementor-section-height-default elementor-section-height-default\" data-id=\"3004268\" data-element_type=\"section\" data-e-type=\"section\">\n\t\t\t\t\t\t<div class=\"elementor-container elementor-column-gap-default\">\n\t\t\t\t\t<div class=\"elementor-column elementor-col-50 elementor-inner-column elementor-element elementor-element-6118e24\" data-id=\"6118e24\" data-element_type=\"column\" data-e-type=\"column\">\n\t\t\t<div class=\"elementor-widget-wrap elementor-element-populated\">\n\t\t\t\t\t\t<div class=\"elementor-element elementor-element-5f56b61 elementor-widget elementor-widget-image\" data-id=\"5f56b61\" data-element_type=\"widget\" data-e-type=\"widget\" data-widget_type=\"image.default\">\n\t\t\t\t<div class=\"elementor-widget-container\">\n\t\t\t\t\t\t\t\t\t\t\t\t\t\t\t<img fetchpriority=\"high\" decoding=\"async\" width=\"680\" height=\"680\" src=\"https:\/\/i0.wp.com\/isabeyparfums.com\/wp-content\/uploads\/2023\/07\/jean-jacques-recadre.jpg?fit=680%2C680&amp;ssl=1\" class=\"attachment-large size-large wp-image-5532\" alt=\"Jean Jacques Perfumer\" srcset=\"https:\/\/i0.wp.com\/isabeyparfums.com\/wp-content\/uploads\/2023\/07\/jean-jacques-recadre.jpg?w=680&amp;ssl=1 680w, https:\/\/i0.wp.com\/isabeyparfums.com\/wp-content\/uploads\/2023\/07\/jean-jacques-recadre.jpg?resize=300%2C300&amp;ssl=1 300w, https:\/\/i0.wp.com\/isabeyparfums.com\/wp-content\/uploads\/2023\/07\/jean-jacques-recadre.jpg?resize=150%2C150&amp;ssl=1 150w, https:\/\/i0.wp.com\/isabeyparfums.com\/wp-content\/uploads\/2023\/07\/jean-jacques-recadre.jpg?resize=12%2C12&amp;ssl=1 12w, https:\/\/i0.wp.com\/isabeyparfums.com\/wp-content\/uploads\/2023\/07\/jean-jacques-recadre.jpg?resize=600%2C600&amp;ssl=1 600w, https:\/\/i0.wp.com\/isabeyparfums.com\/wp-content\/uploads\/2023\/07\/jean-jacques-recadre.jpg?resize=100%2C100&amp;ssl=1 100w\" sizes=\"(max-width: 680px) 100vw, 680px\" data-attachment-id=\"5532\" data-permalink=\"https:\/\/isabeyparfums.com\/fr\/our-perfumers\/jean-jacques-recadre\/\" data-orig-file=\"https:\/\/i0.wp.com\/isabeyparfums.com\/wp-content\/uploads\/2023\/07\/jean-jacques-recadre.jpg?fit=680%2C680&amp;ssl=1\" data-orig-size=\"680,680\" data-comments-opened=\"1\" data-image-meta=\"{&quot;aperture&quot;:&quot;0&quot;,&quot;credit&quot;:&quot;&quot;,&quot;camera&quot;:&quot;&quot;,&quot;caption&quot;:&quot;&quot;,&quot;created_timestamp&quot;:&quot;0&quot;,&quot;copyright&quot;:&quot;&quot;,&quot;focal_length&quot;:&quot;0&quot;,&quot;iso&quot;:&quot;0&quot;,&quot;shutter_speed&quot;:&quot;0&quot;,&quot;title&quot;:&quot;&quot;,&quot;orientation&quot;:&quot;0&quot;}\" data-image-title=\"jean jacques recadr\u00e9\" data-image-description=\"\" data-image-caption=\"\" data-large-file=\"https:\/\/i0.wp.com\/isabeyparfums.com\/wp-content\/uploads\/2023\/07\/jean-jacques-recadre.jpg?fit=680%2C680&amp;ssl=1\" \/>\t\t\t\t\t\t\t\t\t\t\t\t\t\t\t<\/div>\n\t\t\t\t<\/div>\n\t\t\t\t\t<\/div>\n\t\t<\/div>\n\t\t\t\t<div class=\"elementor-column elementor-col-50 elementor-inner-column elementor-element elementor-element-e17e65b\" data-id=\"e17e65b\" data-element_type=\"column\" data-e-type=\"column\">\n\t\t\t<div class=\"elementor-widget-wrap elementor-element-populated\">\n\t\t\t\t\t\t<div class=\"elementor-element elementor-element-312ed71 elementor-widget-mobile__width-initial elementor-widget elementor-widget-heading\" data-id=\"312ed71\" data-element_type=\"widget\" data-e-type=\"widget\" data-widget_type=\"heading.default\">\n\t\t\t\t<div class=\"elementor-widget-container\">\n\t\t\t\t\t<h3 class=\"elementor-heading-title elementor-size-default\">Jean Jacques<\/h3>\t\t\t\t<\/div>\n\t\t\t\t<\/div>\n\t\t\t\t<div class=\"elementor-element elementor-element-c9db543 elementor-widget-mobile__width-initial elementor-widget elementor-widget-text-editor\" data-id=\"c9db543\" data-element_type=\"widget\" data-e-type=\"widget\" data-widget_type=\"text-editor.default\">\n\t\t\t\t<div class=\"elementor-widget-container\">\n\t\t\t\t\t\t\t\t\t<p>La musique et le parfum ont un vocabulaire commun fait de composition et de notes. Jean Jacques offre l\u2019illustration parfaite du d\u00e9nominateur commun entre les deux arts. A 16 ans, il joue du piano et adore le jazz. A 20 ans, un de ses amis lui \u00e9voque <a href=\"https:\/\/www.isipca.fr\/fr\">ISIPCA<\/a> est une r\u00e9v\u00e9lation qui jette un voile d'incertitude sur sa ferme intention de devenir musicien. Il tombe sous le charme du parfum, ce qui sera un moment cl\u00e9 dans ses \u00e9tudes et ses aspirations artistiques.<\/p><p>En 1993, Jean Jacques a rejoint Quest International, o\u00f9 il a d'abord collabor\u00e9 avec Pierre Bourdon, puis avec Maurice Roucel. L'ann\u00e9e suivante, en 1994, il a \u00e9t\u00e9 recrut\u00e9 par Kao Corporation. Trois ans plus tard, en 1997, il a int\u00e9gr\u00e9 Takasago. <a href=\"https:\/\/www.takasago.com\/en\">Takasago<\/a>. Throughout his career, he has maintained a deep passion for creativity, especially when experimenting with raw materials. In 2019, he became the in-house perfumer for Caron, and most recently in 2024, he took on the role of Chanel&#8217;s in-house perfumer.<\/p>\t\t\t\t\t\t\t\t<\/div>\n\t\t\t\t<\/div>\n\t\t\t\t\t<\/div>\n\t\t<\/div>\n\t\t\t\t\t<\/div>\n\t\t<\/section>\n\t\t\t\t\t<\/div>\n\t\t<\/div>\n\t\t\t\t\t<\/div>\n\t\t<\/section>\n\t\t\t\t<section class=\"elementor-section elementor-top-section elementor-element elementor-element-0e505f8 elementor-hidden-tablet elementor-hidden-mobile elementor-section-boxed elementor-section-height-default elementor-section-height-default\" data-id=\"0e505f8\" data-element_type=\"section\" data-e-type=\"section\">\n\t\t\t\t\t\t<div class=\"elementor-container elementor-column-gap-default\">\n\t\t\t\t\t<div class=\"elementor-column elementor-col-100 elementor-top-column elementor-element elementor-element-0568b30\" data-id=\"0568b30\" data-element_type=\"column\" data-e-type=\"column\">\n\t\t\t<div class=\"elementor-widget-wrap elementor-element-populated\">\n\t\t\t\t\t\t<div class=\"elementor-element elementor-element-8edcd10 elementor-widget elementor-widget-heading\" data-id=\"8edcd10\" data-element_type=\"widget\" data-e-type=\"widget\" data-widget_type=\"heading.default\">\n\t\t\t\t<div class=\"elementor-widget-container\">\n\t\t\t\t\t<h4 class=\"elementor-heading-title elementor-size-default\">Cr\u00e9ations de Jean Jacques pour Isabey :<\/h4>\t\t\t\t<\/div>\n\t\t\t\t<\/div>\n\t\t\t\t<section class=\"elementor-section elementor-inner-section elementor-element elementor-element-d90416a elementor-section-boxed elementor-section-height-default elementor-section-height-default\" data-id=\"d90416a\" data-element_type=\"section\" data-e-type=\"section\">\n\t\t\t\t\t\t<div class=\"elementor-container elementor-column-gap-default\">\n\t\t\t\t\t<div class=\"elementor-column elementor-col-20 elementor-inner-column elementor-element elementor-element-c4b1e6a\" data-id=\"c4b1e6a\" data-element_type=\"column\" data-e-type=\"column\">\n\t\t\t<div class=\"elementor-widget-wrap elementor-element-populated\">\n\t\t\t\t\t\t<div class=\"elementor-element elementor-element-b45729a elementor-widget elementor-widget-image\" data-id=\"b45729a\" data-element_type=\"widget\" data-e-type=\"widget\" data-widget_type=\"image.default\">\n\t\t\t\t<div class=\"elementor-widget-container\">\n\t\t\t\t\t\t\t\t\t\t\t\t\t\t\t\t<a href=\"https:\/\/isabeyparfums.com\/product\/lys-noir\/\">\n\t\t\t\t\t\t\t<img decoding=\"async\" width=\"800\" height=\"800\" src=\"https:\/\/i0.wp.com\/isabeyparfums.com\/wp-content\/uploads\/2022\/11\/SD-Lys-Noir-50ml-v5.jpg?fit=800%2C800&amp;ssl=1\" class=\"elementor-animation-grow attachment-large size-large wp-image-2240\" alt=\"Lys Noir Isabey Parfum Jean Jacques\" srcset=\"https:\/\/i0.wp.com\/isabeyparfums.com\/wp-content\/uploads\/2022\/11\/SD-Lys-Noir-50ml-v5.jpg?w=1200&amp;ssl=1 1200w, https:\/\/i0.wp.com\/isabeyparfums.com\/wp-content\/uploads\/2022\/11\/SD-Lys-Noir-50ml-v5.jpg?resize=300%2C300&amp;ssl=1 300w, https:\/\/i0.wp.com\/isabeyparfums.com\/wp-content\/uploads\/2022\/11\/SD-Lys-Noir-50ml-v5.jpg?resize=1024%2C1024&amp;ssl=1 1024w, https:\/\/i0.wp.com\/isabeyparfums.com\/wp-content\/uploads\/2022\/11\/SD-Lys-Noir-50ml-v5.jpg?resize=150%2C150&amp;ssl=1 150w, https:\/\/i0.wp.com\/isabeyparfums.com\/wp-content\/uploads\/2022\/11\/SD-Lys-Noir-50ml-v5.jpg?resize=768%2C768&amp;ssl=1 768w, https:\/\/i0.wp.com\/isabeyparfums.com\/wp-content\/uploads\/2022\/11\/SD-Lys-Noir-50ml-v5.jpg?resize=600%2C600&amp;ssl=1 600w, https:\/\/i0.wp.com\/isabeyparfums.com\/wp-content\/uploads\/2022\/11\/SD-Lys-Noir-50ml-v5.jpg?resize=100%2C100&amp;ssl=1 100w\" sizes=\"(max-width: 800px) 100vw, 800px\" data-attachment-id=\"2240\" data-permalink=\"https:\/\/isabeyparfums.com\/fr\/?attachment_id=2240\" data-orig-file=\"https:\/\/i0.wp.com\/isabeyparfums.com\/wp-content\/uploads\/2022\/11\/SD-Lys-Noir-50ml-v5.jpg?fit=1200%2C1200&amp;ssl=1\" data-orig-size=\"1200,1200\" data-comments-opened=\"1\" data-image-meta=\"{&quot;aperture&quot;:&quot;0&quot;,&quot;credit&quot;:&quot;Baptiste LIMOGES&quot;,&quot;camera&quot;:&quot;&quot;,&quot;caption&quot;:&quot;&quot;,&quot;created_timestamp&quot;:&quot;1663341155&quot;,&quot;copyright&quot;:&quot;\\u00a9 2022 Panouge - Baptiste LIMOGES&quot;,&quot;focal_length&quot;:&quot;0&quot;,&quot;iso&quot;:&quot;0&quot;,&quot;shutter_speed&quot;:&quot;0&quot;,&quot;title&quot;:&quot;Lys Noir&quot;,&quot;orientation&quot;:&quot;1&quot;}\" data-image-title=\"Lys Noir\" data-image-description=\"&lt;p&gt;Lys Noir Isabey Parfum Jean Jacques&lt;\/p&gt;\" data-image-caption=\"&lt;p&gt;Lys Noir Isabey Parfum Jean Jacques&lt;\/p&gt;\" data-large-file=\"https:\/\/i0.wp.com\/isabeyparfums.com\/wp-content\/uploads\/2022\/11\/SD-Lys-Noir-50ml-v5.jpg?fit=800%2C800&amp;ssl=1\" \/>\t\t\t\t\t\t\t\t<\/a>\n\t\t\t\t\t\t\t\t\t\t\t\t\t\t\t<\/div>\n\t\t\t\t<\/div>\n\t\t\t\t<div class=\"elementor-element elementor-element-ba14be0 elementor-widget elementor-widget-heading\" data-id=\"ba14be0\" data-element_type=\"widget\" data-e-type=\"widget\" data-widget_type=\"heading.default\">\n\t\t\t\t<div class=\"elementor-widget-container\">\n\t\t\t\t\t<h2 class=\"elementor-heading-title elementor-size-default\">Lys Noir<\/h2>\t\t\t\t<\/div>\n\t\t\t\t<\/div>\n\t\t\t\t\t<\/div>\n\t\t<\/div>\n\t\t\t\t<div class=\"elementor-column elementor-col-20 elementor-inner-column elementor-element elementor-element-67f4ee6\" data-id=\"67f4ee6\" data-element_type=\"column\" data-e-type=\"column\">\n\t\t\t<div class=\"elementor-widget-wrap elementor-element-populated\">\n\t\t\t\t\t\t<div class=\"elementor-element elementor-element-bb829b0 elementor-widget elementor-widget-image\" data-id=\"bb829b0\" data-element_type=\"widget\" data-e-type=\"widget\" data-widget_type=\"image.default\">\n\t\t\t\t<div class=\"elementor-widget-container\">\n\t\t\t\t\t\t\t\t\t\t\t\t\t\t\t\t<a href=\"https:\/\/isabeyparfums.com\/product\/tendre-nuit\/\">\n\t\t\t\t\t\t\t<img decoding=\"async\" width=\"800\" height=\"800\" src=\"https:\/\/i0.wp.com\/isabeyparfums.com\/wp-content\/uploads\/2022\/04\/SD-Tendre-Nuit-50ml-v5-1.jpg?fit=800%2C800&amp;ssl=1\" class=\"elementor-animation-grow attachment-large size-large wp-image-1311\" alt=\"Tendre Nuit Isabey Parfum Jean Jacques\" srcset=\"https:\/\/i0.wp.com\/isabeyparfums.com\/wp-content\/uploads\/2022\/04\/SD-Tendre-Nuit-50ml-v5-1.jpg?w=1200&amp;ssl=1 1200w, https:\/\/i0.wp.com\/isabeyparfums.com\/wp-content\/uploads\/2022\/04\/SD-Tendre-Nuit-50ml-v5-1.jpg?resize=300%2C300&amp;ssl=1 300w, https:\/\/i0.wp.com\/isabeyparfums.com\/wp-content\/uploads\/2022\/04\/SD-Tendre-Nuit-50ml-v5-1.jpg?resize=1024%2C1024&amp;ssl=1 1024w, https:\/\/i0.wp.com\/isabeyparfums.com\/wp-content\/uploads\/2022\/04\/SD-Tendre-Nuit-50ml-v5-1.jpg?resize=150%2C150&amp;ssl=1 150w, https:\/\/i0.wp.com\/isabeyparfums.com\/wp-content\/uploads\/2022\/04\/SD-Tendre-Nuit-50ml-v5-1.jpg?resize=768%2C768&amp;ssl=1 768w, https:\/\/i0.wp.com\/isabeyparfums.com\/wp-content\/uploads\/2022\/04\/SD-Tendre-Nuit-50ml-v5-1.jpg?resize=600%2C600&amp;ssl=1 600w, https:\/\/i0.wp.com\/isabeyparfums.com\/wp-content\/uploads\/2022\/04\/SD-Tendre-Nuit-50ml-v5-1.jpg?resize=100%2C100&amp;ssl=1 100w\" sizes=\"(max-width: 800px) 100vw, 800px\" data-attachment-id=\"1311\" data-permalink=\"https:\/\/isabeyparfums.com\/fr\/?attachment_id=1311\" data-orig-file=\"https:\/\/i0.wp.com\/isabeyparfums.com\/wp-content\/uploads\/2022\/04\/SD-Tendre-Nuit-50ml-v5-1.jpg?fit=1200%2C1200&amp;ssl=1\" data-orig-size=\"1200,1200\" data-comments-opened=\"1\" data-image-meta=\"{&quot;aperture&quot;:&quot;0&quot;,&quot;credit&quot;:&quot;Baptiste LIMOGES&quot;,&quot;camera&quot;:&quot;&quot;,&quot;caption&quot;:&quot;&quot;,&quot;created_timestamp&quot;:&quot;1663172307&quot;,&quot;copyright&quot;:&quot;\\u00a9 2022 Panouge - Baptiste LIMOGES&quot;,&quot;focal_length&quot;:&quot;0&quot;,&quot;iso&quot;:&quot;0&quot;,&quot;shutter_speed&quot;:&quot;0&quot;,&quot;title&quot;:&quot;Tendre Nuit&quot;,&quot;orientation&quot;:&quot;1&quot;}\" data-image-title=\"Tendre Nuit\" data-image-description=\"\" data-image-caption=\"\" data-large-file=\"https:\/\/i0.wp.com\/isabeyparfums.com\/wp-content\/uploads\/2022\/04\/SD-Tendre-Nuit-50ml-v5-1.jpg?fit=800%2C800&amp;ssl=1\" \/>\t\t\t\t\t\t\t\t<\/a>\n\t\t\t\t\t\t\t\t\t\t\t\t\t\t\t<\/div>\n\t\t\t\t<\/div>\n\t\t\t\t<div class=\"elementor-element elementor-element-13b9719 elementor-widget elementor-widget-heading\" data-id=\"13b9719\" data-element_type=\"widget\" data-e-type=\"widget\" data-widget_type=\"heading.default\">\n\t\t\t\t<div class=\"elementor-widget-container\">\n\t\t\t\t\t<h2 class=\"elementor-heading-title elementor-size-default\">Tendre Nuit<\/h2>\t\t\t\t<\/div>\n\t\t\t\t<\/div>\n\t\t\t\t\t<\/div>\n\t\t<\/div>\n\t\t\t\t<div class=\"elementor-column elementor-col-20 elementor-inner-column elementor-element elementor-element-0c180b6\" data-id=\"0c180b6\" data-element_type=\"column\" data-e-type=\"column\">\n\t\t\t<div class=\"elementor-widget-wrap elementor-element-populated\">\n\t\t\t\t\t\t<div class=\"elementor-element elementor-element-c75f3a0 elementor-widget elementor-widget-image\" data-id=\"c75f3a0\" data-element_type=\"widget\" data-e-type=\"widget\" data-widget_type=\"image.default\">\n\t\t\t\t<div class=\"elementor-widget-container\">\n\t\t\t\t\t\t\t\t\t\t\t\t\t\t\t\t<a href=\"https:\/\/isabeyparfums.com\/product\/gardenia\/\">\n\t\t\t\t\t\t\t<img loading=\"lazy\" decoding=\"async\" width=\"800\" height=\"800\" src=\"https:\/\/i0.wp.com\/isabeyparfums.com\/wp-content\/uploads\/2022\/11\/SD-Gardenia-50ml-v5.jpg?fit=800%2C800&amp;ssl=1\" class=\"elementor-animation-grow attachment-large size-large wp-image-2237\" alt=\"Gard\u00e9nia Isabey Parfum Jean Jacques\" srcset=\"https:\/\/i0.wp.com\/isabeyparfums.com\/wp-content\/uploads\/2022\/11\/SD-Gardenia-50ml-v5.jpg?w=1200&amp;ssl=1 1200w, https:\/\/i0.wp.com\/isabeyparfums.com\/wp-content\/uploads\/2022\/11\/SD-Gardenia-50ml-v5.jpg?resize=300%2C300&amp;ssl=1 300w, https:\/\/i0.wp.com\/isabeyparfums.com\/wp-content\/uploads\/2022\/11\/SD-Gardenia-50ml-v5.jpg?resize=1024%2C1024&amp;ssl=1 1024w, https:\/\/i0.wp.com\/isabeyparfums.com\/wp-content\/uploads\/2022\/11\/SD-Gardenia-50ml-v5.jpg?resize=150%2C150&amp;ssl=1 150w, https:\/\/i0.wp.com\/isabeyparfums.com\/wp-content\/uploads\/2022\/11\/SD-Gardenia-50ml-v5.jpg?resize=768%2C768&amp;ssl=1 768w, https:\/\/i0.wp.com\/isabeyparfums.com\/wp-content\/uploads\/2022\/11\/SD-Gardenia-50ml-v5.jpg?resize=600%2C600&amp;ssl=1 600w, https:\/\/i0.wp.com\/isabeyparfums.com\/wp-content\/uploads\/2022\/11\/SD-Gardenia-50ml-v5.jpg?resize=100%2C100&amp;ssl=1 100w\" sizes=\"(max-width: 800px) 100vw, 800px\" data-attachment-id=\"2237\" data-permalink=\"https:\/\/isabeyparfums.com\/fr\/?attachment_id=2237\" data-orig-file=\"https:\/\/i0.wp.com\/isabeyparfums.com\/wp-content\/uploads\/2022\/11\/SD-Gardenia-50ml-v5.jpg?fit=1200%2C1200&amp;ssl=1\" data-orig-size=\"1200,1200\" data-comments-opened=\"1\" data-image-meta=\"{&quot;aperture&quot;:&quot;0&quot;,&quot;credit&quot;:&quot;Baptiste LIMOGES&quot;,&quot;camera&quot;:&quot;&quot;,&quot;caption&quot;:&quot;&quot;,&quot;created_timestamp&quot;:&quot;1663483352&quot;,&quot;copyright&quot;:&quot;\\u00a9 2022 Panouge - Baptiste LIMOGES&quot;,&quot;focal_length&quot;:&quot;0&quot;,&quot;iso&quot;:&quot;0&quot;,&quot;shutter_speed&quot;:&quot;0&quot;,&quot;title&quot;:&quot;Gard\\u008enia&quot;,&quot;orientation&quot;:&quot;1&quot;}\" data-image-title=\"Gard\u00e9nia isabey\" data-image-description=\"&lt;p&gt;Gard\u00e9nia Isabey Parfum Jean Jacques&lt;\/p&gt;\" data-image-caption=\"&lt;p&gt;Gard\u00e9nia&lt;\/p&gt;\" data-large-file=\"https:\/\/i0.wp.com\/isabeyparfums.com\/wp-content\/uploads\/2022\/11\/SD-Gardenia-50ml-v5.jpg?fit=800%2C800&amp;ssl=1\" \/>\t\t\t\t\t\t\t\t<\/a>\n\t\t\t\t\t\t\t\t\t\t\t\t\t\t\t<\/div>\n\t\t\t\t<\/div>\n\t\t\t\t<div class=\"elementor-element elementor-element-a304c2d elementor-widget elementor-widget-heading\" data-id=\"a304c2d\" data-element_type=\"widget\" data-e-type=\"widget\" data-widget_type=\"heading.default\">\n\t\t\t\t<div class=\"elementor-widget-container\">\n\t\t\t\t\t<h2 class=\"elementor-heading-title elementor-size-default\">Gard\u00e9nia<\/h2>\t\t\t\t<\/div>\n\t\t\t\t<\/div>\n\t\t\t\t\t<\/div>\n\t\t<\/div>\n\t\t\t\t<div class=\"elementor-column elementor-col-20 elementor-inner-column elementor-element elementor-element-de0023c\" data-id=\"de0023c\" data-element_type=\"column\" data-e-type=\"column\">\n\t\t\t<div class=\"elementor-widget-wrap elementor-element-populated\">\n\t\t\t\t\t\t<div class=\"elementor-element elementor-element-1961b8d elementor-widget elementor-widget-image\" data-id=\"1961b8d\" data-element_type=\"widget\" data-e-type=\"widget\" data-widget_type=\"image.default\">\n\t\t\t\t<div class=\"elementor-widget-container\">\n\t\t\t\t\t\t\t\t\t\t\t\t\t\t\t\t<a href=\"https:\/\/isabeyparfums.com\/product\/fleur-nocturne\/\">\n\t\t\t\t\t\t\t<img loading=\"lazy\" decoding=\"async\" width=\"800\" height=\"800\" src=\"https:\/\/i0.wp.com\/isabeyparfums.com\/wp-content\/uploads\/2022\/11\/HD-Fleur-Nocturne-50ml-v5.jpg?fit=800%2C800&amp;ssl=1\" class=\"elementor-animation-grow attachment-large size-large wp-image-2236\" alt=\"Fleur Nocturne Isabey Parfum Jean Jacques\" srcset=\"https:\/\/i0.wp.com\/isabeyparfums.com\/wp-content\/uploads\/2022\/11\/HD-Fleur-Nocturne-50ml-v5.jpg?w=4480&amp;ssl=1 4480w, https:\/\/i0.wp.com\/isabeyparfums.com\/wp-content\/uploads\/2022\/11\/HD-Fleur-Nocturne-50ml-v5.jpg?resize=300%2C300&amp;ssl=1 300w, https:\/\/i0.wp.com\/isabeyparfums.com\/wp-content\/uploads\/2022\/11\/HD-Fleur-Nocturne-50ml-v5.jpg?resize=1024%2C1024&amp;ssl=1 1024w, https:\/\/i0.wp.com\/isabeyparfums.com\/wp-content\/uploads\/2022\/11\/HD-Fleur-Nocturne-50ml-v5.jpg?resize=150%2C150&amp;ssl=1 150w, https:\/\/i0.wp.com\/isabeyparfums.com\/wp-content\/uploads\/2022\/11\/HD-Fleur-Nocturne-50ml-v5.jpg?resize=768%2C768&amp;ssl=1 768w, https:\/\/i0.wp.com\/isabeyparfums.com\/wp-content\/uploads\/2022\/11\/HD-Fleur-Nocturne-50ml-v5.jpg?resize=1536%2C1536&amp;ssl=1 1536w, https:\/\/i0.wp.com\/isabeyparfums.com\/wp-content\/uploads\/2022\/11\/HD-Fleur-Nocturne-50ml-v5.jpg?resize=2048%2C2048&amp;ssl=1 2048w, https:\/\/i0.wp.com\/isabeyparfums.com\/wp-content\/uploads\/2022\/11\/HD-Fleur-Nocturne-50ml-v5.jpg?resize=600%2C600&amp;ssl=1 600w, https:\/\/i0.wp.com\/isabeyparfums.com\/wp-content\/uploads\/2022\/11\/HD-Fleur-Nocturne-50ml-v5.jpg?resize=100%2C100&amp;ssl=1 100w, https:\/\/i0.wp.com\/isabeyparfums.com\/wp-content\/uploads\/2022\/11\/HD-Fleur-Nocturne-50ml-v5.jpg?w=1600&amp;ssl=1 1600w, https:\/\/i0.wp.com\/isabeyparfums.com\/wp-content\/uploads\/2022\/11\/HD-Fleur-Nocturne-50ml-v5.jpg?w=2400&amp;ssl=1 2400w\" sizes=\"(max-width: 800px) 100vw, 800px\" data-attachment-id=\"2236\" data-permalink=\"https:\/\/isabeyparfums.com\/fr\/fleur-nocturne-4\/\" data-orig-file=\"https:\/\/i0.wp.com\/isabeyparfums.com\/wp-content\/uploads\/2022\/11\/HD-Fleur-Nocturne-50ml-v5.jpg?fit=4480%2C4480&amp;ssl=1\" data-orig-size=\"4480,4480\" data-comments-opened=\"1\" data-image-meta=\"{&quot;aperture&quot;:&quot;0&quot;,&quot;credit&quot;:&quot;Baptiste LIMOGES&quot;,&quot;camera&quot;:&quot;&quot;,&quot;caption&quot;:&quot;&quot;,&quot;created_timestamp&quot;:&quot;1663172307&quot;,&quot;copyright&quot;:&quot;\\u00a9 2022 Panouge - Baptiste LIMOGES&quot;,&quot;focal_length&quot;:&quot;0&quot;,&quot;iso&quot;:&quot;0&quot;,&quot;shutter_speed&quot;:&quot;0&quot;,&quot;title&quot;:&quot;Fleur Nocturne&quot;,&quot;orientation&quot;:&quot;1&quot;}\" data-image-title=\"Fleur Nocturne\" data-image-description=\"\" data-image-caption=\"&lt;p&gt;Fleur Nocturne&lt;\/p&gt;\" data-large-file=\"https:\/\/i0.wp.com\/isabeyparfums.com\/wp-content\/uploads\/2022\/11\/HD-Fleur-Nocturne-50ml-v5.jpg?fit=800%2C800&amp;ssl=1\" \/>\t\t\t\t\t\t\t\t<\/a>\n\t\t\t\t\t\t\t\t\t\t\t\t\t\t\t<\/div>\n\t\t\t\t<\/div>\n\t\t\t\t<div class=\"elementor-element elementor-element-fc0c6e7 elementor-widget elementor-widget-heading\" data-id=\"fc0c6e7\" data-element_type=\"widget\" data-e-type=\"widget\" data-widget_type=\"heading.default\">\n\t\t\t\t<div class=\"elementor-widget-container\">\n\t\t\t\t\t<h2 class=\"elementor-heading-title elementor-size-default\">Fleur Nocturne<\/h2>\t\t\t\t<\/div>\n\t\t\t\t<\/div>\n\t\t\t\t\t<\/div>\n\t\t<\/div>\n\t\t\t\t<div class=\"elementor-column elementor-col-20 elementor-inner-column elementor-element elementor-element-6c0a7c0\" data-id=\"6c0a7c0\" data-element_type=\"column\" data-e-type=\"column\">\n\t\t\t<div class=\"elementor-widget-wrap elementor-element-populated\">\n\t\t\t\t\t\t<div class=\"elementor-element elementor-element-0f2971c elementor-widget elementor-widget-image\" data-id=\"0f2971c\" data-element_type=\"widget\" data-e-type=\"widget\" data-widget_type=\"image.default\">\n\t\t\t\t<div class=\"elementor-widget-container\">\n\t\t\t\t\t\t\t\t\t\t\t\t\t\t\t\t<a href=\"https:\/\/isabeyparfums.com\/product\/la-route-demeraude\/\">\n\t\t\t\t\t\t\t<img loading=\"lazy\" decoding=\"async\" width=\"800\" height=\"800\" src=\"https:\/\/i0.wp.com\/isabeyparfums.com\/wp-content\/uploads\/2023\/07\/HD-La-Route-dEmeraude-50ml.jpg?fit=800%2C800&amp;ssl=1\" class=\"elementor-animation-grow attachment-large size-large wp-image-5996\" alt=\"La Route d&apos;Emeraude Isabey Parfum Jean Jacques\" srcset=\"https:\/\/i0.wp.com\/isabeyparfums.com\/wp-content\/uploads\/2023\/07\/HD-La-Route-dEmeraude-50ml.jpg?w=4480&amp;ssl=1 4480w, https:\/\/i0.wp.com\/isabeyparfums.com\/wp-content\/uploads\/2023\/07\/HD-La-Route-dEmeraude-50ml.jpg?resize=300%2C300&amp;ssl=1 300w, https:\/\/i0.wp.com\/isabeyparfums.com\/wp-content\/uploads\/2023\/07\/HD-La-Route-dEmeraude-50ml.jpg?resize=1024%2C1024&amp;ssl=1 1024w, https:\/\/i0.wp.com\/isabeyparfums.com\/wp-content\/uploads\/2023\/07\/HD-La-Route-dEmeraude-50ml.jpg?resize=150%2C150&amp;ssl=1 150w, https:\/\/i0.wp.com\/isabeyparfums.com\/wp-content\/uploads\/2023\/07\/HD-La-Route-dEmeraude-50ml.jpg?resize=768%2C768&amp;ssl=1 768w, https:\/\/i0.wp.com\/isabeyparfums.com\/wp-content\/uploads\/2023\/07\/HD-La-Route-dEmeraude-50ml.jpg?resize=1536%2C1536&amp;ssl=1 1536w, https:\/\/i0.wp.com\/isabeyparfums.com\/wp-content\/uploads\/2023\/07\/HD-La-Route-dEmeraude-50ml.jpg?resize=2048%2C2048&amp;ssl=1 2048w, https:\/\/i0.wp.com\/isabeyparfums.com\/wp-content\/uploads\/2023\/07\/HD-La-Route-dEmeraude-50ml.jpg?resize=12%2C12&amp;ssl=1 12w, https:\/\/i0.wp.com\/isabeyparfums.com\/wp-content\/uploads\/2023\/07\/HD-La-Route-dEmeraude-50ml.jpg?resize=600%2C600&amp;ssl=1 600w, https:\/\/i0.wp.com\/isabeyparfums.com\/wp-content\/uploads\/2023\/07\/HD-La-Route-dEmeraude-50ml.jpg?resize=100%2C100&amp;ssl=1 100w, https:\/\/i0.wp.com\/isabeyparfums.com\/wp-content\/uploads\/2023\/07\/HD-La-Route-dEmeraude-50ml.jpg?w=1600&amp;ssl=1 1600w, https:\/\/i0.wp.com\/isabeyparfums.com\/wp-content\/uploads\/2023\/07\/HD-La-Route-dEmeraude-50ml.jpg?w=2400&amp;ssl=1 2400w\" sizes=\"(max-width: 800px) 100vw, 800px\" data-attachment-id=\"5996\" data-permalink=\"https:\/\/isabeyparfums.com\/fr\/eau-de-parfum\/la-route-demeraude-5\/\" data-orig-file=\"https:\/\/i0.wp.com\/isabeyparfums.com\/wp-content\/uploads\/2023\/07\/HD-La-Route-dEmeraude-50ml.jpg?fit=4480%2C4480&amp;ssl=1\" data-orig-size=\"4480,4480\" data-comments-opened=\"1\" data-image-meta=\"{&quot;aperture&quot;:&quot;0&quot;,&quot;credit&quot;:&quot;Baptiste LIMOGES&quot;,&quot;camera&quot;:&quot;&quot;,&quot;caption&quot;:&quot;&quot;,&quot;created_timestamp&quot;:&quot;1663172307&quot;,&quot;copyright&quot;:&quot;\\u00a9 2022 Panouge - Baptiste LIMOGES&quot;,&quot;focal_length&quot;:&quot;0&quot;,&quot;iso&quot;:&quot;0&quot;,&quot;shutter_speed&quot;:&quot;0&quot;,&quot;title&quot;:&quot;La Route d&apos;\\u00c9meraude&quot;,&quot;orientation&quot;:&quot;1&quot;}\" data-image-title=\"La Route d&amp;#8217;\u00c9meraude\" data-image-description=\"&lt;p&gt;La Route d&amp;#8217;\u00c9meraude&lt;\/p&gt;\" data-image-caption=\"&lt;p&gt;La Route d&amp;#8217;\u00c9meraude&lt;\/p&gt;\" data-large-file=\"https:\/\/i0.wp.com\/isabeyparfums.com\/wp-content\/uploads\/2023\/07\/HD-La-Route-dEmeraude-50ml.jpg?fit=800%2C800&amp;ssl=1\" \/>\t\t\t\t\t\t\t\t<\/a>\n\t\t\t\t\t\t\t\t\t\t\t\t\t\t\t<\/div>\n\t\t\t\t<\/div>\n\t\t\t\t<div class=\"elementor-element elementor-element-ec61f91 elementor-widget elementor-widget-heading\" data-id=\"ec61f91\" data-element_type=\"widget\" data-e-type=\"widget\" data-widget_type=\"heading.default\">\n\t\t\t\t<div class=\"elementor-widget-container\">\n\t\t\t\t\t<h2 class=\"elementor-heading-title elementor-size-default\">La Route d'Emeraude<\/h2>\t\t\t\t<\/div>\n\t\t\t\t<\/div>\n\t\t\t\t\t<\/div>\n\t\t<\/div>\n\t\t\t\t\t<\/div>\n\t\t<\/section>\n\t\t\t\t<div class=\"elementor-element elementor-element-afb5824 elementor-widget elementor-widget-spacer\" data-id=\"afb5824\" data-element_type=\"widget\" data-e-type=\"widget\" data-widget_type=\"spacer.default\">\n\t\t\t\t<div class=\"elementor-widget-container\">\n\t\t\t\t\t\t\t<div class=\"elementor-spacer\">\n\t\t\t<div class=\"elementor-spacer-inner\"><\/div>\n\t\t<\/div>\n\t\t\t\t\t\t<\/div>\n\t\t\t\t<\/div>\n\t\t\t\t\t<\/div>\n\t\t<\/div>\n\t\t\t\t\t<\/div>\n\t\t<\/section>\n\t\t\t\t<section class=\"elementor-section elementor-top-section elementor-element elementor-element-6dc25b3 elementor-reverse-tablet elementor-reverse-mobile elementor-section-boxed elementor-section-height-default elementor-section-height-default\" data-id=\"6dc25b3\" data-element_type=\"section\" data-e-type=\"section\">\n\t\t\t\t\t\t<div class=\"elementor-container elementor-column-gap-default\">\n\t\t\t\t\t<div class=\"elementor-column elementor-col-100 elementor-top-column elementor-element elementor-element-e89b410\" data-id=\"e89b410\" data-element_type=\"column\" data-e-type=\"column\">\n\t\t\t<div class=\"elementor-widget-wrap elementor-element-populated\">\n\t\t\t\t\t\t<section class=\"elementor-section elementor-inner-section elementor-element elementor-element-8e61261 elementor-reverse-tablet elementor-reverse-mobile elementor-section-boxed elementor-section-height-default elementor-section-height-default\" data-id=\"8e61261\" data-element_type=\"section\" data-e-type=\"section\">\n\t\t\t\t\t\t<div class=\"elementor-container elementor-column-gap-default\">\n\t\t\t\t\t<div class=\"elementor-column elementor-col-50 elementor-inner-column elementor-element elementor-element-e3f1131\" data-id=\"e3f1131\" data-element_type=\"column\" data-e-type=\"column\">\n\t\t\t<div class=\"elementor-widget-wrap elementor-element-populated\">\n\t\t\t\t\t\t<div class=\"elementor-element elementor-element-e7f7ca7 elementor-widget-mobile__width-initial elementor-widget elementor-widget-heading\" data-id=\"e7f7ca7\" data-element_type=\"widget\" data-e-type=\"widget\" data-widget_type=\"heading.default\">\n\t\t\t\t<div class=\"elementor-widget-container\">\n\t\t\t\t\t<h3 class=\"elementor-heading-title elementor-size-default\">Luca Maffei<\/h3>\t\t\t\t<\/div>\n\t\t\t\t<\/div>\n\t\t\t\t<div class=\"elementor-element elementor-element-4ef9989 elementor-widget-mobile__width-initial elementor-widget elementor-widget-text-editor\" data-id=\"4ef9989\" data-element_type=\"widget\" data-e-type=\"widget\" data-widget_type=\"text-editor.default\">\n\t\t\t\t<div class=\"elementor-widget-container\">\n\t\t\t\t\t\t\t\t\t<p>Jeune espoir de la parfumerie italienne, Luca Maffei a commenc\u00e9 \u00e0 travailler comme assistant parfumeur en 2007, dans l'entreprise familiale, \u00e0 la fin de sa formation classique et \u00e9conomique.<\/p><p>\u00ab Mon p\u00e8re et mon grand-p\u00e8re ont toujours travaill\u00e9 dans l\u2019industrie ; j\u2019ai grandi entour\u00e9 de parfums. D\u00e8s mon plus jeune \u00e2ge, j\u2019ai d\u00e9velopp\u00e9 une sensibilit\u00e9 particuli\u00e8re \u00bb, explique Luca Maffei. Ainsi, depuis son enfance, il est proche de l\u2019univers des fragrances, \u00ab fascin\u00e9 par le charme des mati\u00e8res premi\u00e8res et par l\u2019alchimie myst\u00e9rieuse qui les unit \u00bb, ce qui l\u2019a conduit \u00e0 explorer ce monde unique et merveilleux.<\/p><p>Par la suite, il entreprend une formation individuelle aupr\u00e8s de Fran\u00e7oise Marin, parfumeure et ancienne directrice de la prestigieuse \u00e9cole de parfumerie Roure (aujourd\u2019hui Givaudan) \u00e0 Grasse. Durant cette p\u00e9riode, il \u00e9tudie les accords, les fragrances embl\u00e9matiques et les mati\u00e8res premi\u00e8res selon la m\u00e9thode Jean Carles. Imm\u00e9diatement apr\u00e8s, il commence \u00e0 cr\u00e9er gr\u00e2ce \u00e0 un stage dans une grande maison de parfumerie \u00e0 Grasse. De retour en Italie, il rejoint M&amp;M Fragrances et signe ses premi\u00e8res cr\u00e9ations.<\/p><p>En 2011, il fonde <a href=\"https:\/\/www.atelierfragranze.it\/\">Atelier Fragranze Milano<\/a> avec son p\u00e8re, dans le r\u00f4le de parfumeur et PDG.<\/p>\t\t\t\t\t\t\t\t<\/div>\n\t\t\t\t<\/div>\n\t\t\t\t\t<\/div>\n\t\t<\/div>\n\t\t\t\t<div class=\"elementor-column elementor-col-50 elementor-inner-column elementor-element elementor-element-5112bc6\" data-id=\"5112bc6\" data-element_type=\"column\" data-e-type=\"column\">\n\t\t\t<div class=\"elementor-widget-wrap elementor-element-populated\">\n\t\t\t\t\t\t<div class=\"elementor-element elementor-element-3dff81c elementor-widget elementor-widget-image\" data-id=\"3dff81c\" data-element_type=\"widget\" data-e-type=\"widget\" data-widget_type=\"image.default\">\n\t\t\t\t<div class=\"elementor-widget-container\">\n\t\t\t\t\t\t\t\t\t\t\t\t\t\t\t<img loading=\"lazy\" decoding=\"async\" width=\"800\" height=\"800\" src=\"https:\/\/i0.wp.com\/isabeyparfums.com\/wp-content\/uploads\/2023\/07\/luca-maffei-recadre.jpg?fit=800%2C800&amp;ssl=1\" class=\"attachment-large size-large wp-image-5533\" alt=\"Luca Maffei Perfumer\" srcset=\"https:\/\/i0.wp.com\/isabeyparfums.com\/wp-content\/uploads\/2023\/07\/luca-maffei-recadre.jpg?w=1500&amp;ssl=1 1500w, https:\/\/i0.wp.com\/isabeyparfums.com\/wp-content\/uploads\/2023\/07\/luca-maffei-recadre.jpg?resize=300%2C300&amp;ssl=1 300w, https:\/\/i0.wp.com\/isabeyparfums.com\/wp-content\/uploads\/2023\/07\/luca-maffei-recadre.jpg?resize=1024%2C1024&amp;ssl=1 1024w, https:\/\/i0.wp.com\/isabeyparfums.com\/wp-content\/uploads\/2023\/07\/luca-maffei-recadre.jpg?resize=150%2C150&amp;ssl=1 150w, https:\/\/i0.wp.com\/isabeyparfums.com\/wp-content\/uploads\/2023\/07\/luca-maffei-recadre.jpg?resize=768%2C768&amp;ssl=1 768w, https:\/\/i0.wp.com\/isabeyparfums.com\/wp-content\/uploads\/2023\/07\/luca-maffei-recadre.jpg?resize=12%2C12&amp;ssl=1 12w, https:\/\/i0.wp.com\/isabeyparfums.com\/wp-content\/uploads\/2023\/07\/luca-maffei-recadre.jpg?resize=600%2C600&amp;ssl=1 600w, https:\/\/i0.wp.com\/isabeyparfums.com\/wp-content\/uploads\/2023\/07\/luca-maffei-recadre.jpg?resize=100%2C100&amp;ssl=1 100w\" sizes=\"(max-width: 800px) 100vw, 800px\" data-attachment-id=\"5533\" data-permalink=\"https:\/\/isabeyparfums.com\/fr\/our-perfumers\/luca-maffei-recadre\/\" data-orig-file=\"https:\/\/i0.wp.com\/isabeyparfums.com\/wp-content\/uploads\/2023\/07\/luca-maffei-recadre.jpg?fit=1500%2C1500&amp;ssl=1\" data-orig-size=\"1500,1500\" data-comments-opened=\"1\" data-image-meta=\"{&quot;aperture&quot;:&quot;0&quot;,&quot;credit&quot;:&quot;&quot;,&quot;camera&quot;:&quot;&quot;,&quot;caption&quot;:&quot;&quot;,&quot;created_timestamp&quot;:&quot;0&quot;,&quot;copyright&quot;:&quot;&quot;,&quot;focal_length&quot;:&quot;0&quot;,&quot;iso&quot;:&quot;0&quot;,&quot;shutter_speed&quot;:&quot;0&quot;,&quot;title&quot;:&quot;&quot;,&quot;orientation&quot;:&quot;0&quot;}\" data-image-title=\"luca maffei recadr\u00e9\" data-image-description=\"\" data-image-caption=\"\" data-large-file=\"https:\/\/i0.wp.com\/isabeyparfums.com\/wp-content\/uploads\/2023\/07\/luca-maffei-recadre.jpg?fit=800%2C800&amp;ssl=1\" \/>\t\t\t\t\t\t\t\t\t\t\t\t\t\t\t<\/div>\n\t\t\t\t<\/div>\n\t\t\t\t\t<\/div>\n\t\t<\/div>\n\t\t\t\t\t<\/div>\n\t\t<\/section>\n\t\t\t\t\t<\/div>\n\t\t<\/div>\n\t\t\t\t\t<\/div>\n\t\t<\/section>\n\t\t\t\t<section class=\"elementor-section elementor-top-section elementor-element elementor-element-c298756 elementor-hidden-tablet elementor-hidden-mobile elementor-section-boxed elementor-section-height-default elementor-section-height-default\" data-id=\"c298756\" data-element_type=\"section\" data-e-type=\"section\">\n\t\t\t\t\t\t<div class=\"elementor-container elementor-column-gap-default\">\n\t\t\t\t\t<div class=\"elementor-column elementor-col-100 elementor-top-column elementor-element elementor-element-0acf6d7\" data-id=\"0acf6d7\" data-element_type=\"column\" data-e-type=\"column\">\n\t\t\t<div class=\"elementor-widget-wrap elementor-element-populated\">\n\t\t\t\t\t\t<div class=\"elementor-element elementor-element-e6237a5 elementor-widget elementor-widget-heading\" data-id=\"e6237a5\" data-element_type=\"widget\" data-e-type=\"widget\" data-widget_type=\"heading.default\">\n\t\t\t\t<div class=\"elementor-widget-container\">\n\t\t\t\t\t<h4 class=\"elementor-heading-title elementor-size-default\">Cr\u00e9ations de Luca Maffei pour Isabey :<\/h4>\t\t\t\t<\/div>\n\t\t\t\t<\/div>\n\t\t\t\t<section class=\"elementor-section elementor-inner-section elementor-element elementor-element-7f2b0f2 elementor-section-boxed elementor-section-height-default elementor-section-height-default\" data-id=\"7f2b0f2\" data-element_type=\"section\" data-e-type=\"section\">\n\t\t\t\t\t\t<div class=\"elementor-container elementor-column-gap-default\">\n\t\t\t\t\t<div class=\"elementor-column elementor-col-20 elementor-inner-column elementor-element elementor-element-be8e0c5\" data-id=\"be8e0c5\" data-element_type=\"column\" data-e-type=\"column\">\n\t\t\t<div class=\"elementor-widget-wrap\">\n\t\t\t\t\t\t\t<\/div>\n\t\t<\/div>\n\t\t\t\t<div class=\"elementor-column elementor-col-20 elementor-inner-column elementor-element elementor-element-21e1f93\" data-id=\"21e1f93\" data-element_type=\"column\" data-e-type=\"column\">\n\t\t\t<div class=\"elementor-widget-wrap\">\n\t\t\t\t\t\t\t<\/div>\n\t\t<\/div>\n\t\t\t\t<div class=\"elementor-column elementor-col-20 elementor-inner-column elementor-element elementor-element-9c1c880\" data-id=\"9c1c880\" data-element_type=\"column\" data-e-type=\"column\">\n\t\t\t<div class=\"elementor-widget-wrap elementor-element-populated\">\n\t\t\t\t\t\t<div class=\"elementor-element elementor-element-d4189c6 elementor-widget elementor-widget-image\" data-id=\"d4189c6\" data-element_type=\"widget\" data-e-type=\"widget\" data-widget_type=\"image.default\">\n\t\t\t\t<div class=\"elementor-widget-container\">\n\t\t\t\t\t\t\t\t\t\t\t\t\t\t\t\t<a href=\"https:\/\/isabeyparfums.com\/fr\/product\/prends-moi-take-me\/\">\n\t\t\t\t\t\t\t<img loading=\"lazy\" decoding=\"async\" width=\"800\" height=\"800\" src=\"https:\/\/i0.wp.com\/isabeyparfums.com\/wp-content\/uploads\/2023\/07\/HD-Prends-Moi-50ml-v5.jpg?fit=800%2C800&amp;ssl=1\" class=\"elementor-animation-grow attachment-large size-large wp-image-5531\" alt=\"Prends Moi Isabey Parfum Luca Maffei\" srcset=\"https:\/\/i0.wp.com\/isabeyparfums.com\/wp-content\/uploads\/2023\/07\/HD-Prends-Moi-50ml-v5.jpg?w=4480&amp;ssl=1 4480w, https:\/\/i0.wp.com\/isabeyparfums.com\/wp-content\/uploads\/2023\/07\/HD-Prends-Moi-50ml-v5.jpg?resize=300%2C300&amp;ssl=1 300w, https:\/\/i0.wp.com\/isabeyparfums.com\/wp-content\/uploads\/2023\/07\/HD-Prends-Moi-50ml-v5.jpg?resize=1024%2C1024&amp;ssl=1 1024w, https:\/\/i0.wp.com\/isabeyparfums.com\/wp-content\/uploads\/2023\/07\/HD-Prends-Moi-50ml-v5.jpg?resize=150%2C150&amp;ssl=1 150w, https:\/\/i0.wp.com\/isabeyparfums.com\/wp-content\/uploads\/2023\/07\/HD-Prends-Moi-50ml-v5.jpg?resize=768%2C768&amp;ssl=1 768w, https:\/\/i0.wp.com\/isabeyparfums.com\/wp-content\/uploads\/2023\/07\/HD-Prends-Moi-50ml-v5.jpg?resize=1536%2C1536&amp;ssl=1 1536w, https:\/\/i0.wp.com\/isabeyparfums.com\/wp-content\/uploads\/2023\/07\/HD-Prends-Moi-50ml-v5.jpg?resize=2048%2C2048&amp;ssl=1 2048w, https:\/\/i0.wp.com\/isabeyparfums.com\/wp-content\/uploads\/2023\/07\/HD-Prends-Moi-50ml-v5.jpg?resize=12%2C12&amp;ssl=1 12w, https:\/\/i0.wp.com\/isabeyparfums.com\/wp-content\/uploads\/2023\/07\/HD-Prends-Moi-50ml-v5.jpg?resize=600%2C600&amp;ssl=1 600w, https:\/\/i0.wp.com\/isabeyparfums.com\/wp-content\/uploads\/2023\/07\/HD-Prends-Moi-50ml-v5.jpg?resize=100%2C100&amp;ssl=1 100w, https:\/\/i0.wp.com\/isabeyparfums.com\/wp-content\/uploads\/2023\/07\/HD-Prends-Moi-50ml-v5.jpg?w=1600&amp;ssl=1 1600w, https:\/\/i0.wp.com\/isabeyparfums.com\/wp-content\/uploads\/2023\/07\/HD-Prends-Moi-50ml-v5.jpg?w=2400&amp;ssl=1 2400w\" sizes=\"(max-width: 800px) 100vw, 800px\" data-attachment-id=\"5531\" data-permalink=\"https:\/\/isabeyparfums.com\/fr\/our-perfumers\/prends-moi-4\/\" data-orig-file=\"https:\/\/i0.wp.com\/isabeyparfums.com\/wp-content\/uploads\/2023\/07\/HD-Prends-Moi-50ml-v5.jpg?fit=4480%2C4480&amp;ssl=1\" data-orig-size=\"4480,4480\" data-comments-opened=\"1\" data-image-meta=\"{&quot;aperture&quot;:&quot;0&quot;,&quot;credit&quot;:&quot;Baptiste LIMOGES&quot;,&quot;camera&quot;:&quot;&quot;,&quot;caption&quot;:&quot;&quot;,&quot;created_timestamp&quot;:&quot;1663172307&quot;,&quot;copyright&quot;:&quot;\\u00a9 2022 Panouge - Baptiste LIMOGES&quot;,&quot;focal_length&quot;:&quot;0&quot;,&quot;iso&quot;:&quot;0&quot;,&quot;shutter_speed&quot;:&quot;0&quot;,&quot;title&quot;:&quot;Prends-Moi&quot;,&quot;orientation&quot;:&quot;1&quot;}\" data-image-title=\"Prends-Moi\" data-image-description=\"\" data-image-caption=\"&lt;p&gt;Prends-moi&lt;\/p&gt;\" data-large-file=\"https:\/\/i0.wp.com\/isabeyparfums.com\/wp-content\/uploads\/2023\/07\/HD-Prends-Moi-50ml-v5.jpg?fit=800%2C800&amp;ssl=1\" \/>\t\t\t\t\t\t\t\t<\/a>\n\t\t\t\t\t\t\t\t\t\t\t\t\t\t\t<\/div>\n\t\t\t\t<\/div>\n\t\t\t\t<div class=\"elementor-element elementor-element-40ac6c1 elementor-widget elementor-widget-heading\" data-id=\"40ac6c1\" data-element_type=\"widget\" data-e-type=\"widget\" data-widget_type=\"heading.default\">\n\t\t\t\t<div class=\"elementor-widget-container\">\n\t\t\t\t\t<h2 class=\"elementor-heading-title elementor-size-default\">Prends-moi<\/h2>\t\t\t\t<\/div>\n\t\t\t\t<\/div>\n\t\t\t\t\t<\/div>\n\t\t<\/div>\n\t\t\t\t<div class=\"elementor-column elementor-col-20 elementor-inner-column elementor-element elementor-element-26971a5\" data-id=\"26971a5\" data-element_type=\"column\" data-e-type=\"column\">\n\t\t\t<div class=\"elementor-widget-wrap\">\n\t\t\t\t\t\t\t<\/div>\n\t\t<\/div>\n\t\t\t\t<div class=\"elementor-column elementor-col-20 elementor-inner-column elementor-element elementor-element-273d297\" data-id=\"273d297\" data-element_type=\"column\" data-e-type=\"column\">\n\t\t\t<div class=\"elementor-widget-wrap\">\n\t\t\t\t\t\t\t<\/div>\n\t\t<\/div>\n\t\t\t\t\t<\/div>\n\t\t<\/section>\n\t\t\t\t<div class=\"elementor-element elementor-element-6fb8981 elementor-widget elementor-widget-spacer\" data-id=\"6fb8981\" data-element_type=\"widget\" data-e-type=\"widget\" data-widget_type=\"spacer.default\">\n\t\t\t\t<div class=\"elementor-widget-container\">\n\t\t\t\t\t\t\t<div class=\"elementor-spacer\">\n\t\t\t<div class=\"elementor-spacer-inner\"><\/div>\n\t\t<\/div>\n\t\t\t\t\t\t<\/div>\n\t\t\t\t<\/div>\n\t\t\t\t\t<\/div>\n\t\t<\/div>\n\t\t\t\t\t<\/div>\n\t\t<\/section>\n\t\t\t\t<section class=\"elementor-section elementor-top-section elementor-element elementor-element-b69aea5 elementor-section-boxed elementor-section-height-default elementor-section-height-default\" data-id=\"b69aea5\" data-element_type=\"section\" data-e-type=\"section\">\n\t\t\t\t\t\t<div class=\"elementor-container elementor-column-gap-default\">\n\t\t\t\t\t<div class=\"elementor-column elementor-col-100 elementor-top-column elementor-element elementor-element-34f9075\" data-id=\"34f9075\" data-element_type=\"column\" data-e-type=\"column\">\n\t\t\t<div class=\"elementor-widget-wrap elementor-element-populated\">\n\t\t\t\t\t\t<section class=\"elementor-section elementor-inner-section elementor-element elementor-element-40593bd elementor-section-boxed elementor-section-height-default elementor-section-height-default\" data-id=\"40593bd\" data-element_type=\"section\" data-e-type=\"section\">\n\t\t\t\t\t\t<div class=\"elementor-container elementor-column-gap-default\">\n\t\t\t\t\t<div class=\"elementor-column elementor-col-50 elementor-inner-column elementor-element elementor-element-a22b666\" data-id=\"a22b666\" data-element_type=\"column\" data-e-type=\"column\">\n\t\t\t<div class=\"elementor-widget-wrap elementor-element-populated\">\n\t\t\t\t\t\t<div class=\"elementor-element elementor-element-fd72db4 elementor-widget elementor-widget-image\" data-id=\"fd72db4\" data-element_type=\"widget\" data-e-type=\"widget\" data-widget_type=\"image.default\">\n\t\t\t\t<div class=\"elementor-widget-container\">\n\t\t\t\t\t\t\t\t\t\t\t\t\t\t\t<img loading=\"lazy\" decoding=\"async\" width=\"800\" height=\"800\" src=\"https:\/\/i0.wp.com\/isabeyparfums.com\/wp-content\/uploads\/2023\/07\/marie-recarde.jpg?fit=800%2C800&amp;ssl=1\" class=\"attachment-large size-large wp-image-5534\" alt=\"Isabey perfumer Marie Schnirer\" srcset=\"https:\/\/i0.wp.com\/isabeyparfums.com\/wp-content\/uploads\/2023\/07\/marie-recarde.jpg?w=2730&amp;ssl=1 2730w, https:\/\/i0.wp.com\/isabeyparfums.com\/wp-content\/uploads\/2023\/07\/marie-recarde.jpg?resize=300%2C300&amp;ssl=1 300w, https:\/\/i0.wp.com\/isabeyparfums.com\/wp-content\/uploads\/2023\/07\/marie-recarde.jpg?resize=1024%2C1024&amp;ssl=1 1024w, https:\/\/i0.wp.com\/isabeyparfums.com\/wp-content\/uploads\/2023\/07\/marie-recarde.jpg?resize=150%2C150&amp;ssl=1 150w, https:\/\/i0.wp.com\/isabeyparfums.com\/wp-content\/uploads\/2023\/07\/marie-recarde.jpg?resize=768%2C768&amp;ssl=1 768w, https:\/\/i0.wp.com\/isabeyparfums.com\/wp-content\/uploads\/2023\/07\/marie-recarde.jpg?resize=1536%2C1536&amp;ssl=1 1536w, https:\/\/i0.wp.com\/isabeyparfums.com\/wp-content\/uploads\/2023\/07\/marie-recarde.jpg?resize=2048%2C2048&amp;ssl=1 2048w, https:\/\/i0.wp.com\/isabeyparfums.com\/wp-content\/uploads\/2023\/07\/marie-recarde.jpg?resize=12%2C12&amp;ssl=1 12w, https:\/\/i0.wp.com\/isabeyparfums.com\/wp-content\/uploads\/2023\/07\/marie-recarde.jpg?resize=600%2C600&amp;ssl=1 600w, https:\/\/i0.wp.com\/isabeyparfums.com\/wp-content\/uploads\/2023\/07\/marie-recarde.jpg?resize=100%2C100&amp;ssl=1 100w, https:\/\/i0.wp.com\/isabeyparfums.com\/wp-content\/uploads\/2023\/07\/marie-recarde.jpg?w=1600&amp;ssl=1 1600w, https:\/\/i0.wp.com\/isabeyparfums.com\/wp-content\/uploads\/2023\/07\/marie-recarde.jpg?w=2400&amp;ssl=1 2400w\" sizes=\"(max-width: 800px) 100vw, 800px\" data-attachment-id=\"5534\" data-permalink=\"https:\/\/isabeyparfums.com\/fr\/our-perfumers\/marie-recarde\/\" data-orig-file=\"https:\/\/i0.wp.com\/isabeyparfums.com\/wp-content\/uploads\/2023\/07\/marie-recarde.jpg?fit=2730%2C2730&amp;ssl=1\" data-orig-size=\"2730,2730\" data-comments-opened=\"1\" data-image-meta=\"{&quot;aperture&quot;:&quot;0&quot;,&quot;credit&quot;:&quot;&quot;,&quot;camera&quot;:&quot;&quot;,&quot;caption&quot;:&quot;&quot;,&quot;created_timestamp&quot;:&quot;0&quot;,&quot;copyright&quot;:&quot;&quot;,&quot;focal_length&quot;:&quot;0&quot;,&quot;iso&quot;:&quot;0&quot;,&quot;shutter_speed&quot;:&quot;0&quot;,&quot;title&quot;:&quot;&quot;,&quot;orientation&quot;:&quot;0&quot;}\" data-image-title=\"marie recard\u00e9\" data-image-description=\"\" data-image-caption=\"\" data-large-file=\"https:\/\/i0.wp.com\/isabeyparfums.com\/wp-content\/uploads\/2023\/07\/marie-recarde.jpg?fit=800%2C800&amp;ssl=1\" \/>\t\t\t\t\t\t\t\t\t\t\t\t\t\t\t<\/div>\n\t\t\t\t<\/div>\n\t\t\t\t\t<\/div>\n\t\t<\/div>\n\t\t\t\t<div class=\"elementor-column elementor-col-50 elementor-inner-column elementor-element elementor-element-f008bcb\" data-id=\"f008bcb\" data-element_type=\"column\" data-e-type=\"column\">\n\t\t\t<div class=\"elementor-widget-wrap elementor-element-populated\">\n\t\t\t\t\t\t<div class=\"elementor-element elementor-element-6de86c9 elementor-widget-mobile__width-initial elementor-widget elementor-widget-heading\" data-id=\"6de86c9\" data-element_type=\"widget\" data-e-type=\"widget\" data-widget_type=\"heading.default\">\n\t\t\t\t<div class=\"elementor-widget-container\">\n\t\t\t\t\t<h3 class=\"elementor-heading-title elementor-size-default\">Marie Schnirer<\/h3>\t\t\t\t<\/div>\n\t\t\t\t<\/div>\n\t\t\t\t<div class=\"elementor-element elementor-element-f93bd13 elementor-widget-mobile__width-initial elementor-widget elementor-widget-text-editor\" data-id=\"f93bd13\" data-element_type=\"widget\" data-e-type=\"widget\" data-widget_type=\"text-editor.default\">\n\t\t\t\t<div class=\"elementor-widget-container\">\n\t\t\t\t\t\t\t\t\t<p>De pure souche parisienne, l'Urbanit\u00e9, l'Architecture et les Arts sont pour la parfumeuse Marie Schnirer des racines d'inspiration infinies et riches. Apr\u00e8s avoir termin\u00e9 ses \u00e9tudes de chimie \u00e0 l'Universit\u00e9 Paris 7, elle rejoint la <a href=\"https:\/\/ecole-parfum.com\/\">\u00c9cole Sup\u00e9rieure du Parfum<\/a>. De plus, Marie est une globe-trotteuse, elle vit au rythme des fuseaux horaires et a donc d\u00e9velopp\u00e9 une connaissance pointue et fine des march\u00e9s et des go\u00fbts internationaux (Russie, Asie, Moyen-Orient, Am\u00e9rique du Nord).<\/p><p>Au laboratoire, elle est parmi toutes celles en charge des cr\u00e9ations sur-mesure et se distingue par son plaisir \u00e0 composer des parfums g\u00e9n\u00e9reux et passionn\u00e9s.<\/p><p>Elle ose, ne fait aucun compromis, est anim\u00e9e par l\u2019audace. Marie a pour ambition de d\u00e9couvrir de nouvelles fronti\u00e8res olfactives, de cr\u00e9er des accords harmonieux, subtils et innovants tout en restant proche des souhaits de la maison de parfum.<\/p>\t\t\t\t\t\t\t\t<\/div>\n\t\t\t\t<\/div>\n\t\t\t\t\t<\/div>\n\t\t<\/div>\n\t\t\t\t\t<\/div>\n\t\t<\/section>\n\t\t\t\t\t<\/div>\n\t\t<\/div>\n\t\t\t\t\t<\/div>\n\t\t<\/section>\n\t\t\t\t<section class=\"elementor-section elementor-top-section elementor-element elementor-element-fe523e6 elementor-hidden-tablet elementor-hidden-mobile elementor-section-boxed elementor-section-height-default elementor-section-height-default\" data-id=\"fe523e6\" data-element_type=\"section\" data-e-type=\"section\">\n\t\t\t\t\t\t<div class=\"elementor-container elementor-column-gap-default\">\n\t\t\t\t\t<div class=\"elementor-column elementor-col-100 elementor-top-column elementor-element elementor-element-7a2ed4a\" data-id=\"7a2ed4a\" data-element_type=\"column\" data-e-type=\"column\">\n\t\t\t<div class=\"elementor-widget-wrap elementor-element-populated\">\n\t\t\t\t\t\t<section class=\"elementor-section elementor-inner-section elementor-element elementor-element-73f51ef elementor-section-boxed elementor-section-height-default elementor-section-height-default\" data-id=\"73f51ef\" data-element_type=\"section\" data-e-type=\"section\">\n\t\t\t\t\t\t<div class=\"elementor-container elementor-column-gap-default\">\n\t\t\t\t\t<div class=\"elementor-column elementor-col-100 elementor-inner-column elementor-element elementor-element-54e0c19\" data-id=\"54e0c19\" data-element_type=\"column\" data-e-type=\"column\">\n\t\t\t<div class=\"elementor-widget-wrap elementor-element-populated\">\n\t\t\t\t\t\t<div class=\"elementor-element elementor-element-91d45dc elementor-widget elementor-widget-heading\" data-id=\"91d45dc\" data-element_type=\"widget\" data-e-type=\"widget\" data-widget_type=\"heading.default\">\n\t\t\t\t<div class=\"elementor-widget-container\">\n\t\t\t\t\t<h4 class=\"elementor-heading-title elementor-size-default\">Cr\u00e9ations de Marie Schnirer pour Isabey :<\/h4>\t\t\t\t<\/div>\n\t\t\t\t<\/div>\n\t\t\t\t\t<\/div>\n\t\t<\/div>\n\t\t\t\t\t<\/div>\n\t\t<\/section>\n\t\t\t\t<section class=\"elementor-section elementor-inner-section elementor-element elementor-element-a7a6704 elementor-hidden-tablet elementor-hidden-mobile elementor-section-boxed elementor-section-height-default elementor-section-height-default\" data-id=\"a7a6704\" data-element_type=\"section\" data-e-type=\"section\">\n\t\t\t\t\t\t<div class=\"elementor-container elementor-column-gap-default\">\n\t\t\t\t\t<div class=\"elementor-column elementor-col-20 elementor-inner-column elementor-element elementor-element-57c4fd7\" data-id=\"57c4fd7\" data-element_type=\"column\" data-e-type=\"column\">\n\t\t\t<div class=\"elementor-widget-wrap\">\n\t\t\t\t\t\t\t<\/div>\n\t\t<\/div>\n\t\t\t\t<div class=\"elementor-column elementor-col-20 elementor-inner-column elementor-element elementor-element-9da16ad\" data-id=\"9da16ad\" data-element_type=\"column\" data-e-type=\"column\">\n\t\t\t<div class=\"elementor-widget-wrap\">\n\t\t\t\t\t\t\t<\/div>\n\t\t<\/div>\n\t\t\t\t<div class=\"elementor-column elementor-col-20 elementor-inner-column elementor-element elementor-element-0424799\" data-id=\"0424799\" data-element_type=\"column\" data-e-type=\"column\">\n\t\t\t<div class=\"elementor-widget-wrap elementor-element-populated\">\n\t\t\t\t\t\t<div class=\"elementor-element elementor-element-270b257 elementor-widget elementor-widget-image\" data-id=\"270b257\" data-element_type=\"widget\" data-e-type=\"widget\" data-widget_type=\"image.default\">\n\t\t\t\t<div class=\"elementor-widget-container\">\n\t\t\t\t\t\t\t\t\t\t\t\t\t\t\t\t<a href=\"https:\/\/isabeyparfums.com\/fr\/product\/avant-et-apres\/\">\n\t\t\t\t\t\t\t<img loading=\"lazy\" decoding=\"async\" width=\"800\" height=\"800\" src=\"https:\/\/i0.wp.com\/isabeyparfums.com\/wp-content\/uploads\/2023\/07\/HD-Avant-et-Apres-50ml-v5.jpg?fit=800%2C800&amp;ssl=1\" class=\"elementor-animation-grow attachment-large size-large wp-image-5372\" alt=\"Avant et Apr\u00e8s Isabey Parfum Marie Schnirer\" srcset=\"https:\/\/i0.wp.com\/isabeyparfums.com\/wp-content\/uploads\/2023\/07\/HD-Avant-et-Apres-50ml-v5.jpg?w=4480&amp;ssl=1 4480w, https:\/\/i0.wp.com\/isabeyparfums.com\/wp-content\/uploads\/2023\/07\/HD-Avant-et-Apres-50ml-v5.jpg?resize=300%2C300&amp;ssl=1 300w, https:\/\/i0.wp.com\/isabeyparfums.com\/wp-content\/uploads\/2023\/07\/HD-Avant-et-Apres-50ml-v5.jpg?resize=1024%2C1024&amp;ssl=1 1024w, https:\/\/i0.wp.com\/isabeyparfums.com\/wp-content\/uploads\/2023\/07\/HD-Avant-et-Apres-50ml-v5.jpg?resize=150%2C150&amp;ssl=1 150w, https:\/\/i0.wp.com\/isabeyparfums.com\/wp-content\/uploads\/2023\/07\/HD-Avant-et-Apres-50ml-v5.jpg?resize=768%2C768&amp;ssl=1 768w, https:\/\/i0.wp.com\/isabeyparfums.com\/wp-content\/uploads\/2023\/07\/HD-Avant-et-Apres-50ml-v5.jpg?resize=1536%2C1536&amp;ssl=1 1536w, https:\/\/i0.wp.com\/isabeyparfums.com\/wp-content\/uploads\/2023\/07\/HD-Avant-et-Apres-50ml-v5.jpg?resize=2048%2C2048&amp;ssl=1 2048w, https:\/\/i0.wp.com\/isabeyparfums.com\/wp-content\/uploads\/2023\/07\/HD-Avant-et-Apres-50ml-v5.jpg?resize=12%2C12&amp;ssl=1 12w, https:\/\/i0.wp.com\/isabeyparfums.com\/wp-content\/uploads\/2023\/07\/HD-Avant-et-Apres-50ml-v5.jpg?resize=600%2C600&amp;ssl=1 600w, https:\/\/i0.wp.com\/isabeyparfums.com\/wp-content\/uploads\/2023\/07\/HD-Avant-et-Apres-50ml-v5.jpg?resize=100%2C100&amp;ssl=1 100w, https:\/\/i0.wp.com\/isabeyparfums.com\/wp-content\/uploads\/2023\/07\/HD-Avant-et-Apres-50ml-v5.jpg?w=1600&amp;ssl=1 1600w, https:\/\/i0.wp.com\/isabeyparfums.com\/wp-content\/uploads\/2023\/07\/HD-Avant-et-Apres-50ml-v5.jpg?w=2400&amp;ssl=1 2400w\" sizes=\"(max-width: 800px) 100vw, 800px\" data-attachment-id=\"5372\" data-permalink=\"https:\/\/isabeyparfums.com\/fr\/our-story\/avant-et-apr%c2%8fs-3\/\" data-orig-file=\"https:\/\/i0.wp.com\/isabeyparfums.com\/wp-content\/uploads\/2023\/07\/HD-Avant-et-Apres-50ml-v5.jpg?fit=4480%2C4480&amp;ssl=1\" data-orig-size=\"4480,4480\" data-comments-opened=\"1\" data-image-meta=\"{&quot;aperture&quot;:&quot;0&quot;,&quot;credit&quot;:&quot;Baptiste LIMOGES&quot;,&quot;camera&quot;:&quot;&quot;,&quot;caption&quot;:&quot;&quot;,&quot;created_timestamp&quot;:&quot;1663483352&quot;,&quot;copyright&quot;:&quot;\\u00a9 2022 Panouge - Baptiste LIMOGES&quot;,&quot;focal_length&quot;:&quot;0&quot;,&quot;iso&quot;:&quot;0&quot;,&quot;shutter_speed&quot;:&quot;0&quot;,&quot;title&quot;:&quot;Avant et Apr\\u008fs&quot;,&quot;orientation&quot;:&quot;1&quot;}\" data-image-title=\"Avant et Apr\u00e8s\" data-image-description=\"\" data-image-caption=\"&lt;p&gt;Avant et Apr\u00e8s&lt;\/p&gt;\" data-large-file=\"https:\/\/i0.wp.com\/isabeyparfums.com\/wp-content\/uploads\/2023\/07\/HD-Avant-et-Apres-50ml-v5.jpg?fit=800%2C800&amp;ssl=1\" \/>\t\t\t\t\t\t\t\t<\/a>\n\t\t\t\t\t\t\t\t\t\t\t\t\t\t\t<\/div>\n\t\t\t\t<\/div>\n\t\t\t\t<div class=\"elementor-element elementor-element-dab147f elementor-widget elementor-widget-heading\" data-id=\"dab147f\" data-element_type=\"widget\" data-e-type=\"widget\" data-widget_type=\"heading.default\">\n\t\t\t\t<div class=\"elementor-widget-container\">\n\t\t\t\t\t<h2 class=\"elementor-heading-title elementor-size-default\">Avant et Apr\u00e8s<\/h2>\t\t\t\t<\/div>\n\t\t\t\t<\/div>\n\t\t\t\t\t<\/div>\n\t\t<\/div>\n\t\t\t\t<div class=\"elementor-column elementor-col-20 elementor-inner-column elementor-element elementor-element-3aa41d8\" data-id=\"3aa41d8\" data-element_type=\"column\" data-e-type=\"column\">\n\t\t\t<div class=\"elementor-widget-wrap\">\n\t\t\t\t\t\t\t<\/div>\n\t\t<\/div>\n\t\t\t\t<div class=\"elementor-column elementor-col-20 elementor-inner-column elementor-element elementor-element-9051fce\" data-id=\"9051fce\" data-element_type=\"column\" data-e-type=\"column\">\n\t\t\t<div class=\"elementor-widget-wrap\">\n\t\t\t\t\t\t\t<\/div>\n\t\t<\/div>\n\t\t\t\t\t<\/div>\n\t\t<\/section>\n\t\t\t\t\t<\/div>\n\t\t<\/div>\n\t\t\t\t\t<\/div>\n\t\t<\/section>\n\t\t\t\t<section class=\"elementor-section elementor-top-section elementor-element elementor-element-2ebf539 elementor-hidden-tablet elementor-hidden-mobile elementor-section-boxed elementor-section-height-default elementor-section-height-default\" data-id=\"2ebf539\" data-element_type=\"section\" data-e-type=\"section\">\n\t\t\t\t\t\t<div class=\"elementor-container elementor-column-gap-default\">\n\t\t\t\t\t<div class=\"elementor-column elementor-col-100 elementor-top-column elementor-element elementor-element-dc82642\" data-id=\"dc82642\" data-element_type=\"column\" data-e-type=\"column\">\n\t\t\t<div class=\"elementor-widget-wrap elementor-element-populated\">\n\t\t\t\t\t\t<div class=\"elementor-element elementor-element-fc4d4a5 elementor-widget elementor-widget-spacer\" data-id=\"fc4d4a5\" data-element_type=\"widget\" data-e-type=\"widget\" data-widget_type=\"spacer.default\">\n\t\t\t\t<div class=\"elementor-widget-container\">\n\t\t\t\t\t\t\t<div class=\"elementor-spacer\">\n\t\t\t<div class=\"elementor-spacer-inner\"><\/div>\n\t\t<\/div>\n\t\t\t\t\t\t<\/div>\n\t\t\t\t<\/div>\n\t\t\t\t\t<\/div>\n\t\t<\/div>\n\t\t\t\t\t<\/div>\n\t\t<\/section>\n\t\t\t\t<section class=\"elementor-section elementor-top-section elementor-element elementor-element-af8191d elementor-reverse-tablet elementor-reverse-mobile elementor-section-boxed elementor-section-height-default elementor-section-height-default\" data-id=\"af8191d\" data-element_type=\"section\" data-e-type=\"section\">\n\t\t\t\t\t\t<div class=\"elementor-container elementor-column-gap-default\">\n\t\t\t\t\t<div class=\"elementor-column elementor-col-100 elementor-top-column elementor-element elementor-element-4c6cfbe\" data-id=\"4c6cfbe\" data-element_type=\"column\" data-e-type=\"column\">\n\t\t\t<div class=\"elementor-widget-wrap elementor-element-populated\">\n\t\t\t\t\t\t<section class=\"elementor-section elementor-inner-section elementor-element elementor-element-4cf64f5 elementor-reverse-tablet elementor-reverse-mobile elementor-section-boxed elementor-section-height-default elementor-section-height-default\" data-id=\"4cf64f5\" data-element_type=\"section\" data-e-type=\"section\">\n\t\t\t\t\t\t<div class=\"elementor-container elementor-column-gap-default\">\n\t\t\t\t\t<div class=\"elementor-column elementor-col-50 elementor-inner-column elementor-element elementor-element-6d806ad\" data-id=\"6d806ad\" data-element_type=\"column\" data-e-type=\"column\">\n\t\t\t<div class=\"elementor-widget-wrap elementor-element-populated\">\n\t\t\t\t\t\t<div class=\"elementor-element elementor-element-c949bbd elementor-widget-mobile__width-initial elementor-widget elementor-widget-heading\" data-id=\"c949bbd\" data-element_type=\"widget\" data-e-type=\"widget\" data-widget_type=\"heading.default\">\n\t\t\t\t<div class=\"elementor-widget-container\">\n\t\t\t\t\t<h3 class=\"elementor-heading-title elementor-size-default\">Patrice Revillard<\/h3>\t\t\t\t<\/div>\n\t\t\t\t<\/div>\n\t\t\t\t<div class=\"elementor-element elementor-element-498fb3d elementor-widget-mobile__width-initial elementor-widget elementor-widget-text-editor\" data-id=\"498fb3d\" data-element_type=\"widget\" data-e-type=\"widget\" data-widget_type=\"text-editor.default\">\n\t\t\t\t<div class=\"elementor-widget-container\">\n\t\t\t\t\t\t\t\t\t<p>Born in Annecy, the countryside and his grandmother\u2019s garden marked Patrice Revillard\u2019s youth, as well as roses and his interest in plants and botany. A passion that would lead him to perfumes and scents, after studying biology and chemistry. However, finding these disciplines too general and lacking the artistic aspect he longed for, he decided to join the <a href=\"https:\/\/ecole-parfum.com\/\">\u00c9cole Sup\u00e9rieure du Parfum<\/a> \u00e0 Paris.\u00a0\u00a0<\/p><p>Bien que les plantes et les \u00e9vocations de la nature demeurent ses principales sources d'inspiration et sujets de pr\u00e9dilection, Patrice s'int\u00e9resse \u00e9galement \u00e0 l'histoire des parfums. En \u00e9tudiant et en comprenant le contexte des cr\u00e9ations des formes olfactives plus abstraites qui ont marqu\u00e9 la parfumerie moderne, il lui permet d'int\u00e9grer l'architecture des fragrances \u00e0 travers les<br \/>d\u00e9cennies, ce qui lui permet de s'engager dans la r\u00e9alisation de ses propres cr\u00e9ations.<\/p><p>Pour lui, le parfum n'est rien sans structure, sans un accord fort, original et audacieux. Il est fascin\u00e9 par les \u00e9motions que le parfum peut transmettre, et c'est pourquoi, dans chaque projet, il cherche \u00e0 cr\u00e9er la plus belle histoire olfactive \u00e0 partir de son inspiration. Aujourd'hui, Patrice est parfumeur ind\u00e9pendant chez MAELSTROM <a href=\"https:\/\/maelstrom-paris.fr\/\">MAELSTROM<\/a> perfumer.<\/p>\t\t\t\t\t\t\t\t<\/div>\n\t\t\t\t<\/div>\n\t\t\t\t\t<\/div>\n\t\t<\/div>\n\t\t\t\t<div class=\"elementor-column elementor-col-50 elementor-inner-column elementor-element elementor-element-cf089e9\" data-id=\"cf089e9\" data-element_type=\"column\" data-e-type=\"column\">\n\t\t\t<div class=\"elementor-widget-wrap elementor-element-populated\">\n\t\t\t\t\t\t<div class=\"elementor-element elementor-element-e86cd6d elementor-widget elementor-widget-image\" data-id=\"e86cd6d\" data-element_type=\"widget\" data-e-type=\"widget\" data-widget_type=\"image.default\">\n\t\t\t\t<div class=\"elementor-widget-container\">\n\t\t\t\t\t\t\t\t\t\t\t\t\t\t\t<img loading=\"lazy\" decoding=\"async\" width=\"800\" height=\"800\" src=\"https:\/\/i0.wp.com\/isabeyparfums.com\/wp-content\/uploads\/2024\/10\/ok_patrice_1-scaled-1-e1728645950664.webp?fit=800%2C800&amp;ssl=1\" class=\"attachment-large size-large wp-image-9853\" alt=\"Isabey Rue de la Paix perfumer Patrice Revillard\" srcset=\"https:\/\/i0.wp.com\/isabeyparfums.com\/wp-content\/uploads\/2024\/10\/ok_patrice_1-scaled-1-e1728645950664.webp?w=1868&amp;ssl=1 1868w, https:\/\/i0.wp.com\/isabeyparfums.com\/wp-content\/uploads\/2024\/10\/ok_patrice_1-scaled-1-e1728645950664.webp?resize=300%2C300&amp;ssl=1 300w, https:\/\/i0.wp.com\/isabeyparfums.com\/wp-content\/uploads\/2024\/10\/ok_patrice_1-scaled-1-e1728645950664.webp?resize=1024%2C1024&amp;ssl=1 1024w, https:\/\/i0.wp.com\/isabeyparfums.com\/wp-content\/uploads\/2024\/10\/ok_patrice_1-scaled-1-e1728645950664.webp?resize=150%2C150&amp;ssl=1 150w, https:\/\/i0.wp.com\/isabeyparfums.com\/wp-content\/uploads\/2024\/10\/ok_patrice_1-scaled-1-e1728645950664.webp?resize=768%2C768&amp;ssl=1 768w, https:\/\/i0.wp.com\/isabeyparfums.com\/wp-content\/uploads\/2024\/10\/ok_patrice_1-scaled-1-e1728645950664.webp?resize=1536%2C1536&amp;ssl=1 1536w, https:\/\/i0.wp.com\/isabeyparfums.com\/wp-content\/uploads\/2024\/10\/ok_patrice_1-scaled-1-e1728645950664.webp?resize=12%2C12&amp;ssl=1 12w, https:\/\/i0.wp.com\/isabeyparfums.com\/wp-content\/uploads\/2024\/10\/ok_patrice_1-scaled-1-e1728645950664.webp?resize=600%2C600&amp;ssl=1 600w, https:\/\/i0.wp.com\/isabeyparfums.com\/wp-content\/uploads\/2024\/10\/ok_patrice_1-scaled-1-e1728645950664.webp?resize=100%2C100&amp;ssl=1 100w, https:\/\/i0.wp.com\/isabeyparfums.com\/wp-content\/uploads\/2024\/10\/ok_patrice_1-scaled-1-e1728645950664.webp?w=1600&amp;ssl=1 1600w\" sizes=\"(max-width: 800px) 100vw, 800px\" data-attachment-id=\"9853\" data-permalink=\"https:\/\/isabeyparfums.com\/fr\/our-perfumers\/ok_patrice_1-scaled\/\" data-orig-file=\"https:\/\/i0.wp.com\/isabeyparfums.com\/wp-content\/uploads\/2024\/10\/ok_patrice_1-scaled-1-e1728645950664.webp?fit=1868%2C1868&amp;ssl=1\" data-orig-size=\"1868,1868\" data-comments-opened=\"1\" data-image-meta=\"{&quot;aperture&quot;:&quot;0&quot;,&quot;credit&quot;:&quot;&quot;,&quot;camera&quot;:&quot;&quot;,&quot;caption&quot;:&quot;&quot;,&quot;created_timestamp&quot;:&quot;0&quot;,&quot;copyright&quot;:&quot;&quot;,&quot;focal_length&quot;:&quot;0&quot;,&quot;iso&quot;:&quot;0&quot;,&quot;shutter_speed&quot;:&quot;0&quot;,&quot;title&quot;:&quot;&quot;,&quot;orientation&quot;:&quot;0&quot;}\" data-image-title=\"Patrice Revillard perfumer\" data-image-description=\"\" data-image-caption=\"\" data-large-file=\"https:\/\/i0.wp.com\/isabeyparfums.com\/wp-content\/uploads\/2024\/10\/ok_patrice_1-scaled-1-e1728645950664.webp?fit=800%2C800&amp;ssl=1\" \/>\t\t\t\t\t\t\t\t\t\t\t\t\t\t\t<\/div>\n\t\t\t\t<\/div>\n\t\t\t\t\t<\/div>\n\t\t<\/div>\n\t\t\t\t\t<\/div>\n\t\t<\/section>\n\t\t\t\t\t<\/div>\n\t\t<\/div>\n\t\t\t\t\t<\/div>\n\t\t<\/section>\n\t\t\t\t<section class=\"elementor-section elementor-top-section elementor-element elementor-element-c8e1724 elementor-hidden-tablet elementor-hidden-mobile elementor-section-boxed elementor-section-height-default elementor-section-height-default\" data-id=\"c8e1724\" data-element_type=\"section\" data-e-type=\"section\">\n\t\t\t\t\t\t<div class=\"elementor-container elementor-column-gap-default\">\n\t\t\t\t\t<div class=\"elementor-column elementor-col-100 elementor-top-column elementor-element elementor-element-f3665e6\" data-id=\"f3665e6\" data-element_type=\"column\" data-e-type=\"column\">\n\t\t\t<div class=\"elementor-widget-wrap elementor-element-populated\">\n\t\t\t\t\t\t<div class=\"elementor-element elementor-element-d3385bd elementor-widget elementor-widget-heading\" data-id=\"d3385bd\" data-element_type=\"widget\" data-e-type=\"widget\" data-widget_type=\"heading.default\">\n\t\t\t\t<div class=\"elementor-widget-container\">\n\t\t\t\t\t<h4 class=\"elementor-heading-title elementor-size-default\">Cr\u00e9ation de Patrice Revillard pour Isabey:<\/h4>\t\t\t\t<\/div>\n\t\t\t\t<\/div>\n\t\t\t\t<section class=\"elementor-section elementor-inner-section elementor-element elementor-element-cd6287d elementor-section-boxed elementor-section-height-default elementor-section-height-default\" data-id=\"cd6287d\" data-element_type=\"section\" data-e-type=\"section\">\n\t\t\t\t\t\t<div class=\"elementor-container elementor-column-gap-default\">\n\t\t\t\t\t<div class=\"elementor-column elementor-col-20 elementor-inner-column elementor-element elementor-element-717b3ed\" data-id=\"717b3ed\" data-element_type=\"column\" data-e-type=\"column\">\n\t\t\t<div class=\"elementor-widget-wrap\">\n\t\t\t\t\t\t\t<\/div>\n\t\t<\/div>\n\t\t\t\t<div class=\"elementor-column elementor-col-20 elementor-inner-column elementor-element elementor-element-900ffa5\" data-id=\"900ffa5\" data-element_type=\"column\" data-e-type=\"column\">\n\t\t\t<div class=\"elementor-widget-wrap\">\n\t\t\t\t\t\t\t<\/div>\n\t\t<\/div>\n\t\t\t\t<div class=\"elementor-column elementor-col-20 elementor-inner-column elementor-element elementor-element-0dc87dd\" data-id=\"0dc87dd\" data-element_type=\"column\" data-e-type=\"column\">\n\t\t\t<div class=\"elementor-widget-wrap elementor-element-populated\">\n\t\t\t\t\t\t<div class=\"elementor-element elementor-element-8e2b0a2 elementor-widget elementor-widget-image\" data-id=\"8e2b0a2\" data-element_type=\"widget\" data-e-type=\"widget\" data-widget_type=\"image.default\">\n\t\t\t\t<div class=\"elementor-widget-container\">\n\t\t\t\t\t\t\t\t\t\t\t\t\t\t\t\t<a href=\"https:\/\/isabeyparfums.com\/en\/product\/rue-de-la-paix\/\">\n\t\t\t\t\t\t\t<img loading=\"lazy\" decoding=\"async\" width=\"800\" height=\"800\" src=\"https:\/\/i0.wp.com\/isabeyparfums.com\/wp-content\/uploads\/2024\/10\/HD-Rue-de-la-Paix-50ml-v3.webp?fit=800%2C800&amp;ssl=1\" class=\"elementor-animation-grow attachment-large size-large wp-image-9684\" alt=\"Rue de la Paix Isabey Parfum Patrice Revillard\" srcset=\"https:\/\/i0.wp.com\/isabeyparfums.com\/wp-content\/uploads\/2024\/10\/HD-Rue-de-la-Paix-50ml-v3.webp?w=4480&amp;ssl=1 4480w, https:\/\/i0.wp.com\/isabeyparfums.com\/wp-content\/uploads\/2024\/10\/HD-Rue-de-la-Paix-50ml-v3.webp?resize=300%2C300&amp;ssl=1 300w, https:\/\/i0.wp.com\/isabeyparfums.com\/wp-content\/uploads\/2024\/10\/HD-Rue-de-la-Paix-50ml-v3.webp?resize=1024%2C1024&amp;ssl=1 1024w, https:\/\/i0.wp.com\/isabeyparfums.com\/wp-content\/uploads\/2024\/10\/HD-Rue-de-la-Paix-50ml-v3.webp?resize=150%2C150&amp;ssl=1 150w, https:\/\/i0.wp.com\/isabeyparfums.com\/wp-content\/uploads\/2024\/10\/HD-Rue-de-la-Paix-50ml-v3.webp?resize=768%2C768&amp;ssl=1 768w, https:\/\/i0.wp.com\/isabeyparfums.com\/wp-content\/uploads\/2024\/10\/HD-Rue-de-la-Paix-50ml-v3.webp?resize=1536%2C1536&amp;ssl=1 1536w, https:\/\/i0.wp.com\/isabeyparfums.com\/wp-content\/uploads\/2024\/10\/HD-Rue-de-la-Paix-50ml-v3.webp?resize=2048%2C2048&amp;ssl=1 2048w, https:\/\/i0.wp.com\/isabeyparfums.com\/wp-content\/uploads\/2024\/10\/HD-Rue-de-la-Paix-50ml-v3.webp?resize=12%2C12&amp;ssl=1 12w, https:\/\/i0.wp.com\/isabeyparfums.com\/wp-content\/uploads\/2024\/10\/HD-Rue-de-la-Paix-50ml-v3.webp?resize=600%2C600&amp;ssl=1 600w, https:\/\/i0.wp.com\/isabeyparfums.com\/wp-content\/uploads\/2024\/10\/HD-Rue-de-la-Paix-50ml-v3.webp?resize=100%2C100&amp;ssl=1 100w, https:\/\/i0.wp.com\/isabeyparfums.com\/wp-content\/uploads\/2024\/10\/HD-Rue-de-la-Paix-50ml-v3.webp?w=1600&amp;ssl=1 1600w, https:\/\/i0.wp.com\/isabeyparfums.com\/wp-content\/uploads\/2024\/10\/HD-Rue-de-la-Paix-50ml-v3.webp?w=2400&amp;ssl=1 2400w\" sizes=\"(max-width: 800px) 100vw, 800px\" data-attachment-id=\"9684\" data-permalink=\"https:\/\/isabeyparfums.com\/fr\/?attachment_id=9684\" data-orig-file=\"https:\/\/i0.wp.com\/isabeyparfums.com\/wp-content\/uploads\/2024\/10\/HD-Rue-de-la-Paix-50ml-v3.webp?fit=4480%2C4480&amp;ssl=1\" data-orig-size=\"4480,4480\" data-comments-opened=\"1\" data-image-meta=\"{&quot;aperture&quot;:&quot;0&quot;,&quot;credit&quot;:&quot;&quot;,&quot;camera&quot;:&quot;&quot;,&quot;caption&quot;:&quot;&quot;,&quot;created_timestamp&quot;:&quot;0&quot;,&quot;copyright&quot;:&quot;&quot;,&quot;focal_length&quot;:&quot;0&quot;,&quot;iso&quot;:&quot;0&quot;,&quot;shutter_speed&quot;:&quot;0&quot;,&quot;title&quot;:&quot;&quot;,&quot;orientation&quot;:&quot;0&quot;}\" data-image-title=\"Rue de la Paix-50ml\" data-image-description=\"\" data-image-caption=\"\" data-large-file=\"https:\/\/i0.wp.com\/isabeyparfums.com\/wp-content\/uploads\/2024\/10\/HD-Rue-de-la-Paix-50ml-v3.webp?fit=800%2C800&amp;ssl=1\" \/>\t\t\t\t\t\t\t\t<\/a>\n\t\t\t\t\t\t\t\t\t\t\t\t\t\t\t<\/div>\n\t\t\t\t<\/div>\n\t\t\t\t<div class=\"elementor-element elementor-element-e254d6c elementor-widget elementor-widget-heading\" data-id=\"e254d6c\" data-element_type=\"widget\" data-e-type=\"widget\" data-widget_type=\"heading.default\">\n\t\t\t\t<div class=\"elementor-widget-container\">\n\t\t\t\t\t<h2 class=\"elementor-heading-title elementor-size-default\">Rue de la Paix<\/h2>\t\t\t\t<\/div>\n\t\t\t\t<\/div>\n\t\t\t\t\t<\/div>\n\t\t<\/div>\n\t\t\t\t<div class=\"elementor-column elementor-col-20 elementor-inner-column elementor-element elementor-element-df802b6\" data-id=\"df802b6\" data-element_type=\"column\" data-e-type=\"column\">\n\t\t\t<div class=\"elementor-widget-wrap\">\n\t\t\t\t\t\t\t<\/div>\n\t\t<\/div>\n\t\t\t\t<div class=\"elementor-column elementor-col-20 elementor-inner-column elementor-element elementor-element-a2ee993\" data-id=\"a2ee993\" data-element_type=\"column\" data-e-type=\"column\">\n\t\t\t<div class=\"elementor-widget-wrap\">\n\t\t\t\t\t\t\t<\/div>\n\t\t<\/div>\n\t\t\t\t\t<\/div>\n\t\t<\/section>\n\t\t\t\t<div class=\"elementor-element elementor-element-a2ca95b elementor-widget elementor-widget-spacer\" data-id=\"a2ca95b\" data-element_type=\"widget\" data-e-type=\"widget\" data-widget_type=\"spacer.default\">\n\t\t\t\t<div class=\"elementor-widget-container\">\n\t\t\t\t\t\t\t<div class=\"elementor-spacer\">\n\t\t\t<div class=\"elementor-spacer-inner\"><\/div>\n\t\t<\/div>\n\t\t\t\t\t\t<\/div>\n\t\t\t\t<\/div>\n\t\t\t\t\t<\/div>\n\t\t<\/div>\n\t\t\t\t\t<\/div>\n\t\t<\/section>\n\t\t\t\t<section class=\"elementor-section elementor-top-section elementor-element elementor-element-0372a65 elementor-section-boxed elementor-section-height-default elementor-section-height-default\" data-id=\"0372a65\" data-element_type=\"section\" data-e-type=\"section\">\n\t\t\t\t\t\t<div class=\"elementor-container elementor-column-gap-default\">\n\t\t\t\t\t<div class=\"elementor-column elementor-col-100 elementor-top-column elementor-element elementor-element-4d398f9\" data-id=\"4d398f9\" data-element_type=\"column\" data-e-type=\"column\">\n\t\t\t<div class=\"elementor-widget-wrap elementor-element-populated\">\n\t\t\t\t\t\t<div class=\"elementor-element elementor-element-b50e9d3 elementor-align-center elementor-widget-tablet__width-initial elementor-widget elementor-widget-button\" data-id=\"b50e9d3\" data-element_type=\"widget\" data-e-type=\"widget\" data-widget_type=\"button.default\">\n\t\t\t\t<div class=\"elementor-widget-container\">\n\t\t\t\t\t\t\t\t\t<div class=\"elementor-button-wrapper\">\n\t\t\t\t\t<a class=\"elementor-button elementor-button-link elementor-size-sm\" href=\"https:\/\/isabeyparfums.com\/en\/parfum\/\">\n\t\t\t\t\t\t<span class=\"elementor-button-content-wrapper\">\n\t\t\t\t\t\t\t\t\t<span class=\"elementor-button-text\">D\u00c9COUVRIR TOUS LES PARFUMS<\/span>\n\t\t\t\t\t<\/span>\n\t\t\t\t\t<\/a>\n\t\t\t\t<\/div>\n\t\t\t\t\t\t\t\t<\/div>\n\t\t\t\t<\/div>\n\t\t\t\t<div class=\"elementor-element elementor-element-a892b7e elementor-widget elementor-widget-spacer\" data-id=\"a892b7e\" data-element_type=\"widget\" data-e-type=\"widget\" data-widget_type=\"spacer.default\">\n\t\t\t\t<div class=\"elementor-widget-container\">\n\t\t\t\t\t\t\t<div class=\"elementor-spacer\">\n\t\t\t<div class=\"elementor-spacer-inner\"><\/div>\n\t\t<\/div>\n\t\t\t\t\t\t<\/div>\n\t\t\t\t<\/div>\n\t\t\t\t\t<\/div>\n\t\t<\/div>\n\t\t\t\t\t<\/div>\n\t\t<\/section>\n\t\t\t\t<\/div>","protected":false},"excerpt":{"rendered":"<p>OUR PERFUMERS The Olfactory Masters The contemporary creations of the House of Isabey are the result of a collaboration between Creative Director Rania Naim and world-renowned perfumers. Her journey began with Jean Jacques from 1999 to 2019, followed by Luca Maffei in 2020, Marie Schnirer, and most recently, Patrice Revillard. Step into the realm of [&hellip;]<\/p>\n","protected":false},"author":185217303,"featured_media":5532,"parent":0,"menu_order":0,"comment_status":"closed","ping_status":"closed","template":"","meta":{"_wpcom_ai_launchpad_about_page":false,"_wpcom_ai_launchpad_gallery_page":false,"_wpcom_ai_launchpad_contact_page":false,"_wpcom_ai_launchpad_events_page":false,"_wpcom_ai_launchpad_video_page":false,"_wpcom_ai_launchpad_portfolio_piece":false,"footnotes":""},"class_list":["post-5496","page","type-page","status-publish","has-post-thumbnail","hentry"],"yoast_head":"<!-- This site is optimized with the Yoast SEO Premium plugin v28.3 (Yoast SEO v28.4) - https:\/\/yoast.com\/product\/yoast-seo-premium-wordpress\/ -->\n<title>Our Perfumers | Isabey<\/title>\n<meta name=\"description\" content=\"Meet the talented perfumers behind the Isabey masterpieces such as Gardenia, Tendre nuit, Avant et Apr\u00e8s etc..\" \/>\n<meta name=\"robots\" content=\"index, follow, max-snippet:-1, max-image-preview:large, max-video-preview:-1\" \/>\n<link rel=\"canonical\" href=\"https:\/\/isabeyparfums.com\/fr\/our-perfumers\/\" \/>\n<meta property=\"og:locale\" content=\"fr_FR\" \/>\n<meta property=\"og:type\" content=\"article\" \/>\n<meta property=\"og:title\" content=\"Our Perfumers\" \/>\n<meta property=\"og:description\" content=\"Meet the talented perfumers behind the Isabey masterpieces such as Gardenia, Tendre nuit, Avant et Apr\u00e8s etc..\" \/>\n<meta property=\"og:url\" content=\"https:\/\/isabeyparfums.com\/fr\/our-perfumers\/\" \/>\n<meta property=\"og:site_name\" content=\"Isabey\" \/>\n<meta property=\"article:publisher\" content=\"https:\/\/fr-fr.facebook.com\/isabeyparisparfums\/\" \/>\n<meta property=\"article:modified_time\" content=\"2024-11-18T15:13:00+00:00\" \/>\n<meta property=\"og:image\" content=\"https:\/\/isabeyparfums.com\/wp-content\/uploads\/2023\/07\/jean-jacques-recadre.jpg\" \/>\n\t<meta property=\"og:image:width\" content=\"680\" \/>\n\t<meta property=\"og:image:height\" content=\"680\" \/>\n\t<meta property=\"og:image:type\" content=\"image\/jpeg\" \/>\n<meta name=\"twitter:card\" content=\"summary_large_image\" \/>\n<meta name=\"twitter:label1\" content=\"Dur\u00e9e de lecture estim\u00e9e\" \/>\n\t<meta name=\"twitter:data1\" content=\"6 minutes\" \/>\n<script type=\"application\/ld+json\" class=\"yoast-schema-graph\">{\"@context\":\"https:\\\/\\\/schema.org\",\"@graph\":[{\"@type\":\"WebPage\",\"@id\":\"https:\\\/\\\/isabeyparfums.com\\\/en\\\/our-perfumers\\\/\",\"url\":\"https:\\\/\\\/isabeyparfums.com\\\/en\\\/our-perfumers\\\/\",\"name\":\"Our Perfumers | Isabey\",\"isPartOf\":{\"@id\":\"https:\\\/\\\/isabeyparfums.com\\\/en\\\/#website\"},\"primaryImageOfPage\":{\"@id\":\"https:\\\/\\\/isabeyparfums.com\\\/en\\\/our-perfumers\\\/#primaryimage\"},\"image\":{\"@id\":\"https:\\\/\\\/isabeyparfums.com\\\/en\\\/our-perfumers\\\/#primaryimage\"},\"thumbnailUrl\":\"https:\\\/\\\/i0.wp.com\\\/isabeyparfums.com\\\/wp-content\\\/uploads\\\/2023\\\/07\\\/jean-jacques-recadre.jpg?fit=680%2C680&ssl=1\",\"datePublished\":\"2023-07-07T14:43:48+00:00\",\"dateModified\":\"2024-11-18T15:13:00+00:00\",\"description\":\"Meet the talented perfumers behind the Isabey masterpieces such as Gardenia, Tendre nuit, Avant et Apr\u00e8s etc..\",\"breadcrumb\":{\"@id\":\"https:\\\/\\\/isabeyparfums.com\\\/en\\\/our-perfumers\\\/#breadcrumb\"},\"inLanguage\":\"fr-FR\",\"potentialAction\":[{\"@type\":\"ReadAction\",\"target\":[\"https:\\\/\\\/isabeyparfums.com\\\/en\\\/our-perfumers\\\/\"]}]},{\"@type\":\"ImageObject\",\"inLanguage\":\"fr-FR\",\"@id\":\"https:\\\/\\\/isabeyparfums.com\\\/en\\\/our-perfumers\\\/#primaryimage\",\"url\":\"https:\\\/\\\/i0.wp.com\\\/isabeyparfums.com\\\/wp-content\\\/uploads\\\/2023\\\/07\\\/jean-jacques-recadre.jpg?fit=680%2C680&ssl=1\",\"contentUrl\":\"https:\\\/\\\/i0.wp.com\\\/isabeyparfums.com\\\/wp-content\\\/uploads\\\/2023\\\/07\\\/jean-jacques-recadre.jpg?fit=680%2C680&ssl=1\",\"width\":680,\"height\":680,\"caption\":\"Jean Jacques Perfumer\"},{\"@type\":\"BreadcrumbList\",\"@id\":\"https:\\\/\\\/isabeyparfums.com\\\/en\\\/our-perfumers\\\/#breadcrumb\",\"itemListElement\":[{\"@type\":\"ListItem\",\"position\":1,\"name\":\"Home\",\"item\":\"https:\\\/\\\/isabeyparfums.com\\\/en\\\/\"},{\"@type\":\"ListItem\",\"position\":2,\"name\":\"Our Perfumers\"}]},{\"@type\":\"WebSite\",\"@id\":\"https:\\\/\\\/isabeyparfums.com\\\/en\\\/#website\",\"url\":\"https:\\\/\\\/isabeyparfums.com\\\/en\\\/\",\"name\":\"Isabey\",\"description\":\"Parfumeur \u00e0 Paris depuis 1924\",\"publisher\":{\"@id\":\"https:\\\/\\\/isabeyparfums.com\\\/en\\\/#organization\"},\"alternateName\":\"Isabey Parfums\",\"potentialAction\":[{\"@type\":\"SearchAction\",\"target\":{\"@type\":\"EntryPoint\",\"urlTemplate\":\"https:\\\/\\\/isabeyparfums.com\\\/en\\\/?s={search_term_string}\"},\"query-input\":{\"@type\":\"PropertyValueSpecification\",\"valueRequired\":true,\"valueName\":\"search_term_string\"}}],\"inLanguage\":\"fr-FR\"},{\"@type\":\"Organization\",\"@id\":\"https:\\\/\\\/isabeyparfums.com\\\/en\\\/#organization\",\"name\":\"Isabey Parfums\",\"alternateName\":\"Isabey\",\"url\":\"https:\\\/\\\/isabeyparfums.com\\\/en\\\/\",\"logo\":{\"@type\":\"ImageObject\",\"inLanguage\":\"fr-FR\",\"@id\":\"https:\\\/\\\/isabeyparfums.com\\\/en\\\/#\\\/schema\\\/logo\\\/image\\\/\",\"url\":\"https:\\\/\\\/isabeyparfums.com\\\/wp-content\\\/uploads\\\/2022\\\/04\\\/625a2478-c74b-4a71-8570-7ded00683c09-e1699630971225.webp\",\"contentUrl\":\"https:\\\/\\\/isabeyparfums.com\\\/wp-content\\\/uploads\\\/2022\\\/04\\\/625a2478-c74b-4a71-8570-7ded00683c09-e1699630971225.webp\",\"width\":1280,\"height\":625,\"caption\":\"Isabey Parfums\"},\"image\":{\"@id\":\"https:\\\/\\\/isabeyparfums.com\\\/en\\\/#\\\/schema\\\/logo\\\/image\\\/\"},\"sameAs\":[\"https:\\\/\\\/fr-fr.facebook.com\\\/isabeyparisparfums\\\/\",\"https:\\\/\\\/www.instagram.com\\\/isabeyparisparfums\\\/?hl\"]}]}<\/script>\n<!-- \/ Yoast SEO Premium plugin. -->","yoast_head_json":{"title":"Our Perfumers | Isabey","description":"Meet the talented perfumers behind the Isabey masterpieces such as Gardenia, Tendre nuit, Avant et Apr\u00e8s etc..","robots":{"index":"index","follow":"follow","max-snippet":"max-snippet:-1","max-image-preview":"max-image-preview:large","max-video-preview":"max-video-preview:-1"},"canonical":"https:\/\/isabeyparfums.com\/fr\/our-perfumers\/","og_locale":"fr_FR","og_type":"article","og_title":"Our Perfumers","og_description":"Meet the talented perfumers behind the Isabey masterpieces such as Gardenia, Tendre nuit, Avant et Apr\u00e8s etc..","og_url":"https:\/\/isabeyparfums.com\/fr\/our-perfumers\/","og_site_name":"Isabey","article_publisher":"https:\/\/fr-fr.facebook.com\/isabeyparisparfums\/","article_modified_time":"2024-11-18T15:13:00+00:00","og_image":[{"width":680,"height":680,"url":"https:\/\/isabeyparfums.com\/wp-content\/uploads\/2023\/07\/jean-jacques-recadre.jpg","type":"image\/jpeg"}],"twitter_card":"summary_large_image","twitter_misc":{"Dur\u00e9e de lecture estim\u00e9e":"6 minutes"},"schema":{"@context":"https:\/\/schema.org","@graph":[{"@type":"WebPage","@id":"https:\/\/isabeyparfums.com\/en\/our-perfumers\/","url":"https:\/\/isabeyparfums.com\/en\/our-perfumers\/","name":"Our Perfumers | Isabey","isPartOf":{"@id":"https:\/\/isabeyparfums.com\/en\/#website"},"primaryImageOfPage":{"@id":"https:\/\/isabeyparfums.com\/en\/our-perfumers\/#primaryimage"},"image":{"@id":"https:\/\/isabeyparfums.com\/en\/our-perfumers\/#primaryimage"},"thumbnailUrl":"https:\/\/i0.wp.com\/isabeyparfums.com\/wp-content\/uploads\/2023\/07\/jean-jacques-recadre.jpg?fit=680%2C680&ssl=1","datePublished":"2023-07-07T14:43:48+00:00","dateModified":"2024-11-18T15:13:00+00:00","description":"Meet the talented perfumers behind the Isabey masterpieces such as Gardenia, Tendre nuit, Avant et Apr\u00e8s etc..","breadcrumb":{"@id":"https:\/\/isabeyparfums.com\/en\/our-perfumers\/#breadcrumb"},"inLanguage":"fr-FR","potentialAction":[{"@type":"ReadAction","target":["https:\/\/isabeyparfums.com\/en\/our-perfumers\/"]}]},{"@type":"ImageObject","inLanguage":"fr-FR","@id":"https:\/\/isabeyparfums.com\/en\/our-perfumers\/#primaryimage","url":"https:\/\/i0.wp.com\/isabeyparfums.com\/wp-content\/uploads\/2023\/07\/jean-jacques-recadre.jpg?fit=680%2C680&ssl=1","contentUrl":"https:\/\/i0.wp.com\/isabeyparfums.com\/wp-content\/uploads\/2023\/07\/jean-jacques-recadre.jpg?fit=680%2C680&ssl=1","width":680,"height":680,"caption":"Jean Jacques Perfumer"},{"@type":"BreadcrumbList","@id":"https:\/\/isabeyparfums.com\/en\/our-perfumers\/#breadcrumb","itemListElement":[{"@type":"ListItem","position":1,"name":"Home","item":"https:\/\/isabeyparfums.com\/en\/"},{"@type":"ListItem","position":2,"name":"Our Perfumers"}]},{"@type":"WebSite","@id":"https:\/\/isabeyparfums.com\/en\/#website","url":"https:\/\/isabeyparfums.com\/en\/","name":"Isabey","description":"Parfumeur \u00e0 Paris depuis 1924","publisher":{"@id":"https:\/\/isabeyparfums.com\/en\/#organization"},"alternateName":"Isabey Parfums","potentialAction":[{"@type":"SearchAction","target":{"@type":"EntryPoint","urlTemplate":"https:\/\/isabeyparfums.com\/en\/?s={search_term_string}"},"query-input":{"@type":"PropertyValueSpecification","valueRequired":true,"valueName":"search_term_string"}}],"inLanguage":"fr-FR"},{"@type":"Organization","@id":"https:\/\/isabeyparfums.com\/en\/#organization","name":"Isabey Parfums","alternateName":"Isabey","url":"https:\/\/isabeyparfums.com\/en\/","logo":{"@type":"ImageObject","inLanguage":"fr-FR","@id":"https:\/\/isabeyparfums.com\/en\/#\/schema\/logo\/image\/","url":"https:\/\/isabeyparfums.com\/wp-content\/uploads\/2022\/04\/625a2478-c74b-4a71-8570-7ded00683c09-e1699630971225.webp","contentUrl":"https:\/\/isabeyparfums.com\/wp-content\/uploads\/2022\/04\/625a2478-c74b-4a71-8570-7ded00683c09-e1699630971225.webp","width":1280,"height":625,"caption":"Isabey Parfums"},"image":{"@id":"https:\/\/isabeyparfums.com\/en\/#\/schema\/logo\/image\/"},"sameAs":["https:\/\/fr-fr.facebook.com\/isabeyparisparfums\/","https:\/\/www.instagram.com\/isabeyparisparfums\/?hl"]}]}},"jetpack_likes_enabled":true,"jetpack_sharing_enabled":true,"jetpack_shortlink":"https:\/\/wp.me\/PdVcuq-1qE","jetpack-related-posts":[],"_links":{"self":[{"href":"https:\/\/isabeyparfums.com\/fr\/wp-json\/wp\/v2\/pages\/5496","targetHints":{"allow":["GET"]}}],"collection":[{"href":"https:\/\/isabeyparfums.com\/fr\/wp-json\/wp\/v2\/pages"}],"about":[{"href":"https:\/\/isabeyparfums.com\/fr\/wp-json\/wp\/v2\/types\/page"}],"author":[{"embeddable":true,"href":"https:\/\/isabeyparfums.com\/fr\/wp-json\/wp\/v2\/users\/185217303"}],"replies":[{"embeddable":true,"href":"https:\/\/isabeyparfums.com\/fr\/wp-json\/wp\/v2\/comments?post=5496"}],"version-history":[{"count":102,"href":"https:\/\/isabeyparfums.com\/fr\/wp-json\/wp\/v2\/pages\/5496\/revisions"}],"predecessor-version":[{"id":13167,"href":"https:\/\/isabeyparfums.com\/fr\/wp-json\/wp\/v2\/pages\/5496\/revisions\/13167"}],"wp:featuredmedia":[{"embeddable":true,"href":"https:\/\/isabeyparfums.com\/fr\/wp-json\/wp\/v2\/media\/5532"}],"wp:attachment":[{"href":"https:\/\/isabeyparfums.com\/fr\/wp-json\/wp\/v2\/media?parent=5496"}],"curies":[{"name":"wp","href":"https:\/\/api.w.org\/{rel}","templated":true}]}}